{"id":109,"date":"2018-07-17T14:23:00","date_gmt":"2018-07-17T14:23:00","guid":{"rendered":"https:\/\/landrecies.efficience59.ovh\/?page_id=109"},"modified":"2021-02-08T16:02:49","modified_gmt":"2021-02-08T16:02:49","slug":"conseil-municipal-jeunes","status":"publish","type":"page","link":"https:\/\/landrecies.com\/index.php\/conseil-municipal-jeunes\/","title":{"rendered":"Conseil Municipal Jeunes"},"content":{"rendered":"<p>[et_pb_section fb_built=\u00a0\u00bb1&Prime; fullwidth=\u00a0\u00bbon\u00a0\u00bb _builder_version=\u00a0\u00bb4.4.6&Prime; background_image=\u00a0\u00bbhttp:\/\/landrecies.com\/wp-content\/uploads\/2021\/02\/photo-CMJ-Maire.jpg\u00a0\u00bb height=\u00a0\u00bb729px\u00a0\u00bb custom_margin=\u00a0\u00bb||-261px|||\u00a0\u00bb animation_style=\u00a0\u00bbslide\u00a0\u00bb animation_direction=\u00a0\u00bbtop\u00a0\u00bb animation_intensity_slide=\u00a0\u00bb2%\u00a0\u00bb animation_starting_opacity=\u00a0\u00bb100%\u00a0\u00bb locked=\u00a0\u00bboff\u00a0\u00bb][et_pb_fullwidth_header title=\u00a0\u00bbLe Conseil Municipal Jeunes (C.M.J)\u00a0\u00bb content_max_width=\u00a0\u00bb800px\u00a0\u00bb _builder_version=\u00a0\u00bb4.4.6&Prime; title_level=\u00a0\u00bbh2&Prime; title_font=\u00a0\u00bbLato||||||||\u00a0\u00bb title_font_size=\u00a0\u00bb60px\u00a0\u00bb title_line_height=\u00a0\u00bb1.2em\u00a0\u00bb content_font_size=\u00a0\u00bb20px\u00a0\u00bb content_line_height=\u00a0\u00bb1.8em\u00a0\u00bb background_color=\u00a0\u00bbrgba(255,255,255,0)\u00a0\u00bb use_background_color_gradient=\u00a0\u00bbon\u00a0\u00bb background_color_gradient_start=\u00a0\u00bbrgba(0,0,0,0.75)\u00a0\u00bb background_color_gradient_end=\u00a0\u00bbrgba(0,0,0,0)\u00a0\u00bb background_color_gradient_direction=\u00a0\u00bb90deg\u00a0\u00bb background_color_gradient_overlays_image=\u00a0\u00bbon\u00a0\u00bb background_image=\u00a0\u00bbhttps:\/\/landrecies.efficience59.ovh\/wp-content\/uploads\/2018\/10\/ciel-centre-landrecies.jpg\u00a0\u00bb custom_button_one=\u00a0\u00bbon\u00a0\u00bb button_one_text_size=\u00a0\u00bb18px\u00a0\u00bb button_one_bg_color=\u00a0\u00bb#02d002&Prime; button_one_border_width=\u00a0\u00bb8px\u00a0\u00bb button_one_border_color=\u00a0\u00bb#02d002&Prime; button_one_border_radius=\u00a0\u00bb0px\u00a0\u00bb button_one_letter_spacing=\u00a0\u00bb1px\u00a0\u00bb button_one_font=\u00a0\u00bbLato|700|||||||\u00a0\u00bb button_one_use_icon=\u00a0\u00bboff\u00a0\u00bb custom_button_two=\u00a0\u00bbon\u00a0\u00bb button_two_text_size=\u00a0\u00bb18px\u00a0\u00bb button_two_text_color=\u00a0\u00bb#353740&Prime; button_two_bg_color=\u00a0\u00bb#ffffff\u00a0\u00bb button_two_border_width=\u00a0\u00bb8px\u00a0\u00bb button_two_border_color=\u00a0\u00bb#ffffff\u00a0\u00bb button_two_border_radius=\u00a0\u00bb0px\u00a0\u00bb button_two_letter_spacing=\u00a0\u00bb1px\u00a0\u00bb button_two_font=\u00a0\u00bbLato|700|||||||\u00a0\u00bb button_two_use_icon=\u00a0\u00bboff\u00a0\u00bb custom_margin=\u00a0\u00bb|||\u00a0\u00bb custom_padding=\u00a0\u00bb0.4%||16.4%|||\u00a0\u00bb title_font_size_tablet=\u00a0\u00bb\u00a0\u00bb title_font_size_phone=\u00a0\u00bb30px\u00a0\u00bb title_font_size_last_edited=\u00a0\u00bbon|desktop\u00a0\u00bb button_one_letter_spacing_hover=\u00a0\u00bb1px\u00a0\u00bb button_two_letter_spacing_hover=\u00a0\u00bb1px\u00a0\u00bb locked=\u00a0\u00bboff\u00a0\u00bb button_one_text_size__hover_enabled=\u00a0\u00bboff\u00a0\u00bb button_two_text_size__hover_enabled=\u00a0\u00bboff\u00a0\u00bb button_one_text_color__hover_enabled=\u00a0\u00bboff\u00a0\u00bb button_two_text_color__hover_enabled=\u00a0\u00bboff\u00a0\u00bb button_one_border_width__hover_enabled=\u00a0\u00bboff\u00a0\u00bb button_two_border_width__hover_enabled=\u00a0\u00bboff\u00a0\u00bb button_one_border_color__hover_enabled=\u00a0\u00bboff\u00a0\u00bb button_two_border_color__hover_enabled=\u00a0\u00bboff\u00a0\u00bb button_one_border_radius__hover_enabled=\u00a0\u00bboff\u00a0\u00bb button_two_border_radius__hover_enabled=\u00a0\u00bboff\u00a0\u00bb button_one_letter_spacing__hover_enabled=\u00a0\u00bbon\u00a0\u00bb button_one_letter_spacing__hover=\u00a0\u00bb1px\u00a0\u00bb button_two_letter_spacing__hover_enabled=\u00a0\u00bbon\u00a0\u00bb button_two_letter_spacing__hover=\u00a0\u00bb1px\u00a0\u00bb button_one_bg_color__hover_enabled=\u00a0\u00bboff\u00a0\u00bb button_two_bg_color__hover_enabled=\u00a0\u00bboff\u00a0\u00bb][\/et_pb_fullwidth_header][\/et_pb_section][et_pb_section fb_built=\u00a0\u00bb1&Prime; custom_padding_last_edited=\u00a0\u00bbon|desktop\u00a0\u00bb admin_label=\u00a0\u00bbDonation Section\u00a0\u00bb _builder_version=\u00a0\u00bb3.22&Prime; background_size=\u00a0\u00bbcontain\u00a0\u00bb background_position=\u00a0\u00bbcenter_left\u00a0\u00bb custom_margin=\u00a0\u00bb|||\u00a0\u00bb custom_padding=\u00a0\u00bb100px|40px|0|40px|false|false\u00a0\u00bb custom_padding_tablet=\u00a0\u00bb\u00a0\u00bb custom_padding_phone=\u00a0\u00bb30px||\u00a0\u00bb locked=\u00a0\u00bboff\u00a0\u00bb][et_pb_row column_structure=\u00a0\u00bb3_5,2_5&Prime; admin_label=\u00a0\u00bbDonation Area\u00a0\u00bb _builder_version=\u00a0\u00bb3.25&Prime; custom_padding=\u00a0\u00bb36.4531px|0px|36.4531px|0|false|false\u00a0\u00bb custom_width_px=\u00a0\u00bb650px\u00a0\u00bb][et_pb_column type=\u00a0\u00bb3_5&Prime; _builder_version=\u00a0\u00bb3.25&Prime; custom_padding=\u00a0\u00bb|||\u00a0\u00bb custom_padding__hover=\u00a0\u00bb|||\u00a0\u00bb][et_pb_text disabled_on=\u00a0\u00bboff|off|off\u00a0\u00bb admin_label=\u00a0\u00bbTitle\u00a0\u00bb _builder_version=\u00a0\u00bb3.27.4&Prime; header_2_font=\u00a0\u00bbLato||||||||\u00a0\u00bb header_2_font_size=\u00a0\u00bb36px\u00a0\u00bb header_2_line_height=\u00a0\u00bb1.5em\u00a0\u00bb module_alignment=\u00a0\u00bbcenter\u00a0\u00bb custom_margin=\u00a0\u00bb||15px|\u00a0\u00bb custom_padding=\u00a0\u00bb|||\u00a0\u00bb animation_direction=\u00a0\u00bbleft\u00a0\u00bb]<\/p>\n<h2><strong>Qu&rsquo;est-ce qu&rsquo;un C.M.J ?<\/strong><\/h2>\n<p>[\/et_pb_text][et_pb_text _builder_version=\u00a0\u00bb4.4.6&Prime; text_font_size=\u00a0\u00bb16px\u00a0\u00bb text_line_height=\u00a0\u00bb1.8em\u00a0\u00bb header_2_font=\u00a0\u00bbLato||||||||\u00a0\u00bb header_2_font_size=\u00a0\u00bb36px\u00a0\u00bb header_2_line_height=\u00a0\u00bb1.5em\u00a0\u00bb module_alignment=\u00a0\u00bbcenter\u00a0\u00bb custom_margin=\u00a0\u00bb||15px|\u00a0\u00bb custom_padding=\u00a0\u00bb|||\u00a0\u00bb animation_direction=\u00a0\u00bbleft\u00a0\u00bb hover_enabled=\u00a0\u00bb0&Prime; locked=\u00a0\u00bboff\u00a0\u00bb]<\/p>\n<p style=\"text-align: justify;\"><span style=\"color: #000000;\">Le Conseil Municipal Jeunes est une instance citoyenne de r\u00e9flexion, d\u2019information, de propositions, d\u2019\u00e9changes et de partage entre la municipalit\u00e9 et les jeunes sur des questions d\u2019int\u00e9r\u00eat communal. Il explique les projets communaux et donne des responsabilit\u00e9s aux jeunes. Cr\u00e9\u00e9 en 2008, ses membres sont \u00e9lus pour deux ans.<\/span><\/p>\n<p style=\"text-align: justify;\"><span style=\"color: #000000;\">C\u2019est aussi la rencontre\u00a0entre \u00ab engagement citoyen \u00bb des jeunes\u00a0et \u00ab actions p\u00e9dagogiques \u00bb pour les jeunes :<br \/><\/span><br \/><span style=\"color: #000000;\">&#8211; \u00ab Engagement citoyen \u00bb d\u2019une part, c\u2019est l\u2019opportunit\u00e9 d\u2019un dialogue direct entre les jeunes et les \u00e9lus locaux, c\u2019est un lieu o\u00f9 sont propos\u00e9es des am\u00e9liorations pour le territoire dans lequel ils vivent, avec l\u2019\u00e9coute et le soutien des d\u00e9cideurs locaux. Les propositions, jug\u00e9es d\u2019int\u00e9r\u00eat g\u00e9n\u00e9ral, seront \u00e9tudi\u00e9es, discut\u00e9es et r\u00e9alis\u00e9es par la collectivit\u00e9, dans le cadre de son budget et de ses orientations.<br \/><\/span><br \/><span style=\"color: #000000;\">&#8211; \u00ab Action p\u00e9dagogique \u00bb d\u2019autre part, ce concept reconna\u00eet aux jeunes, <\/span><span style=\"color: #000000;\">la capacit\u00e9 d\u2019exprimer des opinions utiles pour la collectivit\u00e9 et d\u2019agir sur son territoire\u00a0de vie. Il\u00a0prend en compte la parole de l\u2019enfant pour l\u2019accompagner vers un r\u00e9sultat concret. Il exerce les jeunes \u00e0 l\u2019apprentissage de la vie en soci\u00e9t\u00e9, \u00e0 l\u2019autonomie, au\u00a0d\u00e9veloppement de la notion de solidarit\u00e9 et permet aussi un lien nouveau entre les jeunes.<\/span><\/p>\n<p style=\"text-align: justify;\"><span style=\"color: #000000;\">Enfin, le C.M.J dispose de son \u00ab\u00a0propre\u00a0\u00bb budget, environ 7 000 \u20ac par ann\u00e9e, somme \u00e9manant d\u2019une partie des indemnit\u00e9s des \u00e9lus adultes (Maire et Adjoint(e)s) pour mener \u00e0 bien ses projets.<\/span><\/p>\n<p>[\/et_pb_text][\/et_pb_column][et_pb_column type=\u00a0\u00bb2_5&Prime; _builder_version=\u00a0\u00bb3.25&Prime; custom_padding=\u00a0\u00bb|||\u00a0\u00bb custom_padding__hover=\u00a0\u00bb|||\u00a0\u00bb][et_pb_video src=\u00a0\u00bbhttp:\/\/landrecies.com\/wp-content\/uploads\/2020\/02\/CMJ_compresse.mp4&Prime; _builder_version=\u00a0\u00bb4.0.6&Prime;][\/et_pb_video][et_pb_image src=\u00a0\u00bbhttp:\/\/landrecies.com\/wp-content\/uploads\/2019\/01\/CMJ_c\u00e9r\u00e9monie_11_nov_2019.jpg\u00a0\u00bb show_in_lightbox=\u00a0\u00bbon\u00a0\u00bb align=\u00a0\u00bbcenter\u00a0\u00bb align_tablet=\u00a0\u00bbcenter\u00a0\u00bb align_phone=\u00a0\u00bb\u00a0\u00bb align_last_edited=\u00a0\u00bbon|desktop\u00a0\u00bb _builder_version=\u00a0\u00bb4.0.6&Prime; max_width=\u00a0\u00bb80%\u00a0\u00bb custom_margin=\u00a0\u00bb15%|||\u00a0\u00bb][\/et_pb_image][et_pb_image src=\u00a0\u00bbhttp:\/\/landrecies.com\/wp-content\/uploads\/2019\/01\/cmj_panneau_direction.jpg\u00a0\u00bb show_in_lightbox=\u00a0\u00bbon\u00a0\u00bb align=\u00a0\u00bbcenter\u00a0\u00bb align_tablet=\u00a0\u00bbcenter\u00a0\u00bb align_phone=\u00a0\u00bb\u00a0\u00bb align_last_edited=\u00a0\u00bbon|desktop\u00a0\u00bb _builder_version=\u00a0\u00bb4.0.6&Prime; max_width=\u00a0\u00bb80%\u00a0\u00bb custom_margin=\u00a0\u00bb15%|||\u00a0\u00bb][\/et_pb_image][et_pb_video _builder_version=\u00a0\u00bb4.0.6&Prime;][\/et_pb_video][\/et_pb_column][\/et_pb_row][et_pb_row admin_label=\u00a0\u00bbDonation Area\u00a0\u00bb _builder_version=\u00a0\u00bb3.25&Prime; custom_padding=\u00a0\u00bb36.4531px|0px|0|0|false|false\u00a0\u00bb custom_width_px=\u00a0\u00bb650px\u00a0\u00bb][et_pb_column type=\u00a0\u00bb4_4&Prime; _builder_version=\u00a0\u00bb3.25&Prime; custom_padding=\u00a0\u00bb|||\u00a0\u00bb custom_padding__hover=\u00a0\u00bb|||\u00a0\u00bb][et_pb_text disabled_on=\u00a0\u00bboff|off|off\u00a0\u00bb admin_label=\u00a0\u00bbLes objectifs du Conseil Municipal Jeunes\u00a0\u00bb _builder_version=\u00a0\u00bb3.27.4&Prime; header_2_font=\u00a0\u00bbLato||||||||\u00a0\u00bb header_2_font_size=\u00a0\u00bb36px\u00a0\u00bb header_2_line_height=\u00a0\u00bb1.5em\u00a0\u00bb module_alignment=\u00a0\u00bbcenter\u00a0\u00bb custom_margin=\u00a0\u00bb||15px|\u00a0\u00bb custom_padding=\u00a0\u00bb|||\u00a0\u00bb animation_direction=\u00a0\u00bbleft\u00a0\u00bb]<\/p>\n<h2><strong>Les objectifs du Conseil Municipal Jeunes<\/strong><\/h2>\n<p>[\/et_pb_text][et_pb_text _builder_version=\u00a0\u00bb3.27.4&Prime; text_font_size=\u00a0\u00bb16px\u00a0\u00bb text_line_height=\u00a0\u00bb1.8em\u00a0\u00bb header_2_font=\u00a0\u00bbLato||||||||\u00a0\u00bb header_2_font_size=\u00a0\u00bb36px\u00a0\u00bb header_2_line_height=\u00a0\u00bb1.5em\u00a0\u00bb module_alignment=\u00a0\u00bbcenter\u00a0\u00bb custom_margin=\u00a0\u00bb||15px|\u00a0\u00bb custom_padding=\u00a0\u00bb|||\u00a0\u00bb animation_direction=\u00a0\u00bbleft\u00a0\u00bb locked=\u00a0\u00bboff\u00a0\u00bb]<\/p>\n<ul>\n<li><span style=\"color: #000000;\">Rapprocher les jeunes, les adultes, les \u00e9lus adultes et instaurer un dialogue entre eux.<\/span><\/li>\n<li><span style=\"color: #000000;\">Faire l\u2019exp\u00e9rience d\u2019une participation active des jeunes \u00e0 la vie de la commune en partageant avec les \u00e9lus sur la gestion des affaires publiques.<\/span><\/li>\n<li><span style=\"color: #000000;\">Donner aux jeunes conseiller(\u00e8re)s la possibilit\u00e9 de construire des projets dans l\u2019int\u00e9r\u00eat des jeunes Landreciens.<\/span><\/li>\n<li><span style=\"color: #000000;\">Proposer des r\u00e9alisations concr\u00e8tes initi\u00e9es et port\u00e9es par les jeunes conseiller(\u00e8re)s.<\/span><\/li>\n<li><span style=\"color: #000000;\">Consulter les jeunes avant de proposer des projets dans leur int\u00e9r\u00eat.<\/span><\/li>\n<\/ul>\n<p>[\/et_pb_text][\/et_pb_column][\/et_pb_row][et_pb_row admin_label=\u00a0\u00bbDonation Area\u00a0\u00bb _builder_version=\u00a0\u00bb3.25&Prime; custom_padding=\u00a0\u00bb36.4531px|0px|0|0|false|false\u00a0\u00bb custom_width_px=\u00a0\u00bb650px\u00a0\u00bb][et_pb_column type=\u00a0\u00bb4_4&Prime; _builder_version=\u00a0\u00bb3.25&Prime; custom_padding=\u00a0\u00bb|||\u00a0\u00bb custom_padding__hover=\u00a0\u00bb|||\u00a0\u00bb][et_pb_text disabled_on=\u00a0\u00bboff|off|off\u00a0\u00bb admin_label=\u00a0\u00bbLes projets r\u00e9alis\u00e9s\u00a0\u00bb _builder_version=\u00a0\u00bb3.27.4&Prime; header_2_font=\u00a0\u00bbLato||||||||\u00a0\u00bb header_2_font_size=\u00a0\u00bb36px\u00a0\u00bb header_2_line_height=\u00a0\u00bb1.5em\u00a0\u00bb module_alignment=\u00a0\u00bbcenter\u00a0\u00bb custom_margin=\u00a0\u00bb||15px|\u00a0\u00bb custom_padding=\u00a0\u00bb|||\u00a0\u00bb animation_direction=\u00a0\u00bbleft\u00a0\u00bb]<\/p>\n<h2><strong>Les projets r\u00e9alis\u00e9s<\/strong><\/h2>\n<p>[\/et_pb_text][et_pb_text _builder_version=\u00a0\u00bb3.27.4&Prime; text_font_size=\u00a0\u00bb16px\u00a0\u00bb text_line_height=\u00a0\u00bb1.8em\u00a0\u00bb header_2_font=\u00a0\u00bbLato||||||||\u00a0\u00bb header_2_font_size=\u00a0\u00bb36px\u00a0\u00bb header_2_line_height=\u00a0\u00bb1.5em\u00a0\u00bb module_alignment=\u00a0\u00bbcenter\u00a0\u00bb custom_margin=\u00a0\u00bb||15px|\u00a0\u00bb custom_padding=\u00a0\u00bb|||\u00a0\u00bb animation_direction=\u00a0\u00bbleft\u00a0\u00bb locked=\u00a0\u00bboff\u00a0\u00bb]<\/p>\n<ul>\n<li><span style=\"color: #000000;\">Organisation des Intervilles Landrecies\/Manage depuis 2010<\/span><\/li>\n<li><span style=\"color: #000000;\">Discussion et proposition de cr\u00e9er un plateau multisports et une aire de jeux<\/span><\/li>\n<li><span style=\"color: #000000;\">\u00c9change dans le cadre du jumelage avec Manage (Belgique) et Dziemiany (Pologne) avec notamment un s\u00e9jour d\u2019une semaine au Nord de la Pologne<\/span><\/li>\n<li><span style=\"color: #000000;\">Collaboration avec le Collectif Parasites pour la r\u00e9alisation des vid\u00e9os pour la c\u00e9r\u00e9monie des V\u0153ux du Maire<\/span><\/li>\n<li><span style=\"color: #000000;\">Participation aux actions communales (manifestations patriotiques, go\u00fbter et banquet des A\u00een\u00e9s, T\u00e9l\u00e9thon\u2026) et du C.C.A.S (semaine Bleue, distribution des coquilles de fin d\u2019ann\u00e9e\u2026)<\/span><\/li>\n<li><span style=\"color: #000000;\">Organisation de sorties patinoire au Val Joly, de s\u00e9ances cin\u00e9ma, de soir\u00e9es jeunes, d\u2019un concert\u2026<\/span><\/li>\n<\/ul>\n<p>[\/et_pb_text][\/et_pb_column][\/et_pb_row][\/et_pb_section][et_pb_section fb_built=\u00a0\u00bb1&Prime; admin_label=\u00a0\u00bbDonation Section\u00a0\u00bb _builder_version=\u00a0\u00bb3.22&Prime; background_size=\u00a0\u00bbcontain\u00a0\u00bb background_position=\u00a0\u00bbcenter_left\u00a0\u00bb custom_margin=\u00a0\u00bb|||\u00a0\u00bb custom_padding=\u00a0\u00bb50px|40px|50px|40px|false|false\u00a0\u00bb locked=\u00a0\u00bboff\u00a0\u00bb][et_pb_row column_structure=\u00a0\u00bb1_6,1_6,1_6,1_6,1_6,1_6&Prime; use_custom_gutter=\u00a0\u00bbon\u00a0\u00bb gutter_width=\u00a0\u00bb2&Prime; _builder_version=\u00a0\u00bb3.25&Prime;][et_pb_column type=\u00a0\u00bb1_6&Prime; _builder_version=\u00a0\u00bb3.25&Prime; custom_padding=\u00a0\u00bb|||\u00a0\u00bb custom_padding__hover=\u00a0\u00bb|||\u00a0\u00bb][et_pb_image src=\u00a0\u00bbhttp:\/\/landrecies.com\/wp-content\/uploads\/2019\/01\/intervilles2018.jpg\u00a0\u00bb align_tablet=\u00a0\u00bbcenter\u00a0\u00bb align_phone=\u00a0\u00bb\u00a0\u00bb align_last_edited=\u00a0\u00bbon|desktop\u00a0\u00bb _builder_version=\u00a0\u00bb4.0.6&Prime;][\/et_pb_image][\/et_pb_column][et_pb_column type=\u00a0\u00bb1_6&Prime; _builder_version=\u00a0\u00bb3.25&Prime; custom_padding=\u00a0\u00bb|||\u00a0\u00bb custom_padding__hover=\u00a0\u00bb|||\u00a0\u00bb][et_pb_image src=\u00a0\u00bbhttp:\/\/landrecies.com\/wp-content\/uploads\/2019\/01\/intervilles_3.jpg\u00a0\u00bb align_tablet=\u00a0\u00bbcenter\u00a0\u00bb align_phone=\u00a0\u00bb\u00a0\u00bb align_last_edited=\u00a0\u00bbon|desktop\u00a0\u00bb _builder_version=\u00a0\u00bb4.0.6&Prime;][\/et_pb_image][\/et_pb_column][et_pb_column type=\u00a0\u00bb1_6&Prime; _builder_version=\u00a0\u00bb3.25&Prime; custom_padding=\u00a0\u00bb|||\u00a0\u00bb custom_padding__hover=\u00a0\u00bb|||\u00a0\u00bb][et_pb_image src=\u00a0\u00bbhttp:\/\/landrecies.com\/wp-content\/uploads\/2019\/01\/intervilles_2.jpg\u00a0\u00bb align_tablet=\u00a0\u00bbcenter\u00a0\u00bb align_phone=\u00a0\u00bb\u00a0\u00bb align_last_edited=\u00a0\u00bbon|desktop\u00a0\u00bb _builder_version=\u00a0\u00bb4.0.6&Prime;][\/et_pb_image][\/et_pb_column][et_pb_column type=\u00a0\u00bb1_6&Prime; _builder_version=\u00a0\u00bb3.25&Prime; custom_padding=\u00a0\u00bb|||\u00a0\u00bb custom_padding__hover=\u00a0\u00bb|||\u00a0\u00bb][et_pb_image src=\u00a0\u00bbhttp:\/\/landrecies.com\/wp-content\/uploads\/2019\/01\/Cin\u00e9-CMJ-Cin\u00e9ligue-Chtite-Famille_7-avril.jpg\u00a0\u00bb align_tablet=\u00a0\u00bbcenter\u00a0\u00bb align_phone=\u00a0\u00bb\u00a0\u00bb align_last_edited=\u00a0\u00bbon|desktop\u00a0\u00bb _builder_version=\u00a0\u00bb4.0.6&Prime;][\/et_pb_image][\/et_pb_column][et_pb_column type=\u00a0\u00bb1_6&Prime; _builder_version=\u00a0\u00bb3.25&Prime; custom_padding=\u00a0\u00bb|||\u00a0\u00bb custom_padding__hover=\u00a0\u00bb|||\u00a0\u00bb][et_pb_image src=\u00a0\u00bbhttp:\/\/landrecies.com\/wp-content\/uploads\/2020\/02\/arbre-et-CMJ_web.jpg\u00a0\u00bb align_tablet=\u00a0\u00bbcenter\u00a0\u00bb align_phone=\u00a0\u00bb\u00a0\u00bb align_last_edited=\u00a0\u00bbon|desktop\u00a0\u00bb _builder_version=\u00a0\u00bb4.0.6&Prime;][\/et_pb_image][\/et_pb_column][et_pb_column type=\u00a0\u00bb1_6&Prime; _builder_version=\u00a0\u00bb3.25&Prime; custom_padding=\u00a0\u00bb|||\u00a0\u00bb custom_padding__hover=\u00a0\u00bb|||\u00a0\u00bb][et_pb_image src=\u00a0\u00bbhttp:\/\/landrecies.com\/wp-content\/uploads\/2019\/05\/affiche-intervilles_7-sept-2019.jpg\u00a0\u00bb align_tablet=\u00a0\u00bbcenter\u00a0\u00bb align_phone=\u00a0\u00bb\u00a0\u00bb align_last_edited=\u00a0\u00bbon|desktop\u00a0\u00bb _builder_version=\u00a0\u00bb4.0.6&Prime; min_height=\u00a0\u00bb173px\u00a0\u00bb custom_margin=\u00a0\u00bb-50px|||||\u00a0\u00bb][\/et_pb_image][\/et_pb_column][\/et_pb_row][\/et_pb_section][et_pb_section fb_built=\u00a0\u00bb1&Prime; admin_label=\u00a0\u00bbDonation Section\u00a0\u00bb _builder_version=\u00a0\u00bb3.22&Prime; background_size=\u00a0\u00bbcontain\u00a0\u00bb background_position=\u00a0\u00bbcenter_left\u00a0\u00bb custom_margin=\u00a0\u00bb|||\u00a0\u00bb custom_padding=\u00a0\u00bb0|40px|100px|40px|false|false\u00a0\u00bb locked=\u00a0\u00bboff\u00a0\u00bb][et_pb_row column_structure=\u00a0\u00bb3_5,2_5&Prime; admin_label=\u00a0\u00bbDonation Area\u00a0\u00bb _builder_version=\u00a0\u00bb3.25&Prime; custom_padding=\u00a0\u00bb36.4531px|0px|0|0|false|false\u00a0\u00bb custom_width_px=\u00a0\u00bb650px\u00a0\u00bb][et_pb_column type=\u00a0\u00bb3_5&Prime; _builder_version=\u00a0\u00bb3.25&Prime; custom_padding=\u00a0\u00bb|||\u00a0\u00bb custom_padding__hover=\u00a0\u00bb|||\u00a0\u00bb][et_pb_text disabled_on=\u00a0\u00bboff|off|off\u00a0\u00bb admin_label=\u00a0\u00bbListe des C.M.J 2019\/2020&Prime; _builder_version=\u00a0\u00bb3.27.4&Prime; header_2_font=\u00a0\u00bbLato||||||||\u00a0\u00bb header_2_font_size=\u00a0\u00bb36px\u00a0\u00bb header_2_line_height=\u00a0\u00bb1.5em\u00a0\u00bb module_alignment=\u00a0\u00bbcenter\u00a0\u00bb custom_margin=\u00a0\u00bb||15px|\u00a0\u00bb custom_padding=\u00a0\u00bb|||\u00a0\u00bb animation_direction=\u00a0\u00bbleft\u00a0\u00bb]<\/p>\n<h2><strong>Les membres du C.M.J 2021\/2022<\/strong><\/h2>\n<p>[\/et_pb_text][et_pb_text _builder_version=\u00a0\u00bb3.27.4&Prime; text_font_size=\u00a0\u00bb16px\u00a0\u00bb text_line_height=\u00a0\u00bb1.8em\u00a0\u00bb header_2_font=\u00a0\u00bbLato||||||||\u00a0\u00bb header_2_font_size=\u00a0\u00bb36px\u00a0\u00bb header_2_line_height=\u00a0\u00bb1.5em\u00a0\u00bb module_alignment=\u00a0\u00bbcenter\u00a0\u00bb custom_margin=\u00a0\u00bb||15px|\u00a0\u00bb custom_padding=\u00a0\u00bb|||\u00a0\u00bb animation_direction=\u00a0\u00bbleft\u00a0\u00bb locked=\u00a0\u00bboff\u00a0\u00bb]<\/p>\n<p><strong>20 membres, 10 filles et 10 gar\u00e7ons, \u00e2g\u00e9s de 12 \u00e0 17 ans.<\/strong><\/p>\n<p><strong>\u00a0<\/strong><\/p>\n<p>1<sup>er<\/sup> Mandat\u00a0:<\/p>\n<ul>\n<li>MASSON Julie &#8211; 14 ans<\/li>\n<li>MEURANT Math\u00e9o &#8211; 12 ans et demi<\/li>\n<li>NAVEAU Lise &#8211; 13 ans et demi<\/li>\n<li>NAVEAU Susie &#8211; 12 ans et demi<\/li>\n<\/ul>\n<p>2<sup>\u00e8me<\/sup> Mandat\u00a0:<\/p>\n<ul>\n<li>HYSBERGUE T\u00e9a -13 ans et demi<\/li>\n<li>SANSONE Antoine -15 ans<\/li>\n<li>SOIGNEUX Manon &#8211; 12 ans et demi<\/li>\n<li>SOIGNEUX Marine &#8211; 15 ans et demi<\/li>\n<\/ul>\n<p>3<sup>\u00e8me<\/sup> Mandat\u00a0:<\/p>\n<ul>\n<li>STEVANCE Damien &#8211; 17 ans<\/li>\n<\/ul>\n<p>4<sup>\u00e8me<\/sup> Mandat\u00a0:<\/p>\n<p>MONIER Sullivan &#8211; 17 ans<\/p>\n<p>[\/et_pb_text][\/et_pb_column][et_pb_column type=\u00a0\u00bb2_5&Prime; _builder_version=\u00a0\u00bb3.25&Prime; custom_padding=\u00a0\u00bb|||\u00a0\u00bb custom_padding__hover=\u00a0\u00bb|||\u00a0\u00bb][et_pb_image src=\u00a0\u00bbhttp:\/\/landrecies.com\/wp-content\/uploads\/2019\/01\/Logo_CMJ.jpg\u00a0\u00bb show_in_lightbox=\u00a0\u00bbon\u00a0\u00bb align=\u00a0\u00bbcenter\u00a0\u00bb align_tablet=\u00a0\u00bbcenter\u00a0\u00bb align_phone=\u00a0\u00bb\u00a0\u00bb align_last_edited=\u00a0\u00bbon|desktop\u00a0\u00bb admin_label=\u00a0\u00bbImage\u00a0\u00bb _builder_version=\u00a0\u00bb4.0.6&Prime; max_width=\u00a0\u00bb80%\u00a0\u00bb custom_margin=\u00a0\u00bb15%|||\u00a0\u00bb][\/et_pb_image][\/et_pb_column][\/et_pb_row][\/et_pb_section][et_pb_section fb_built=\u00a0\u00bb1&Prime; fullwidth=\u00a0\u00bbon\u00a0\u00bb admin_label=\u00a0\u00bbCall to Action\u00a0\u00bb _builder_version=\u00a0\u00bb4.4.6&Prime; width=\u00a0\u00bb45.8%\u00a0\u00bb max_width=\u00a0\u00bb1200px\u00a0\u00bb animation_style=\u00a0\u00bbslide\u00a0\u00bb animation_direction=\u00a0\u00bbbottom\u00a0\u00bb animation_intensity_slide=\u00a0\u00bb6%\u00a0\u00bb animation_starting_opacity=\u00a0\u00bb100%\u00a0\u00bb global_module=\u00a0\u00bb195&Prime; locked=\u00a0\u00bboff\u00a0\u00bb collapsed=\u00a0\u00bboff\u00a0\u00bb][et_pb_fullwidth_header title=\u00a0\u00bbBesoin d&rsquo;informations ?\u00a0\u00bb button_one_text=\u00a0\u00bbConsulter l&rsquo;actualit\u00e9 de Landrecies\u00a0\u00bb button_one_url=\u00a0\u00bbhttps:\/\/landrecies.com\/index.php\/blog\/\u00a0\u00bb button_two_text=\u00a0\u00bbNous contacter\u00a0\u00bb button_two_url=\u00a0\u00bbhttps:\/\/landrecies.com\/index.php\/contact\/\u00a0\u00bb content_max_width=\u00a0\u00bb800px\u00a0\u00bb disabled_on=\u00a0\u00bbon|off|off\u00a0\u00bb _builder_version=\u00a0\u00bb4.0.6&Prime; title_level=\u00a0\u00bbh4&Prime; title_font=\u00a0\u00bbLato||||||||\u00a0\u00bb title_text_color=\u00a0\u00bb#ffffff\u00a0\u00bb title_font_size=\u00a0\u00bb60px\u00a0\u00bb title_line_height=\u00a0\u00bb1.2em\u00a0\u00bb content_font_size=\u00a0\u00bb20px\u00a0\u00bb content_line_height=\u00a0\u00bb1.8em\u00a0\u00bb background_color=\u00a0\u00bbrgba(255,255,255,0)\u00a0\u00bb use_background_color_gradient=\u00a0\u00bbon\u00a0\u00bb background_color_gradient_start=\u00a0\u00bbrgba(0,0,0,0.75)\u00a0\u00bb background_color_gradient_end=\u00a0\u00bbrgba(0,0,0,0)\u00a0\u00bb background_color_gradient_direction=\u00a0\u00bb90deg\u00a0\u00bb background_color_gradient_overlays_image=\u00a0\u00bbon\u00a0\u00bb background_image=\u00a0\u00bbhttp:\/\/landrecies.com\/wp-content\/uploads\/2018\/08\/landrecies-canal-02.jpg\u00a0\u00bb custom_button_one=\u00a0\u00bbon\u00a0\u00bb button_one_text_size=\u00a0\u00bb18px\u00a0\u00bb button_one_text_color=\u00a0\u00bb#ffffff\u00a0\u00bb button_one_bg_color=\u00a0\u00bb#4ae595&Prime; button_one_border_width=\u00a0\u00bb8px\u00a0\u00bb button_one_border_color=\u00a0\u00bb#4ae595&Prime; button_one_border_radius=\u00a0\u00bb0px\u00a0\u00bb button_one_letter_spacing=\u00a0\u00bb1px\u00a0\u00bb button_one_font=\u00a0\u00bbLato|700|||||||\u00a0\u00bb button_one_use_icon=\u00a0\u00bboff\u00a0\u00bb custom_button_two=\u00a0\u00bbon\u00a0\u00bb button_two_text_size=\u00a0\u00bb18px\u00a0\u00bb button_two_text_color=\u00a0\u00bb#000000&Prime; button_two_bg_color=\u00a0\u00bb#ffffff\u00a0\u00bb button_two_border_width=\u00a0\u00bb8px\u00a0\u00bb button_two_border_color=\u00a0\u00bb#ffffff\u00a0\u00bb button_two_border_radius=\u00a0\u00bb0px\u00a0\u00bb button_two_letter_spacing=\u00a0\u00bb1px\u00a0\u00bb button_two_font=\u00a0\u00bbLato|700|||||||\u00a0\u00bb button_two_use_icon=\u00a0\u00bboff\u00a0\u00bb width=\u00a0\u00bb1260.5%\u00a0\u00bb custom_margin=\u00a0\u00bb|-306px||||\u00a0\u00bb custom_padding=\u00a0\u00bb13.3%||8%|||\u00a0\u00bb button_one_letter_spacing_hover=\u00a0\u00bb1px\u00a0\u00bb button_two_letter_spacing_hover=\u00a0\u00bb1px\u00a0\u00bb button_one_text_size__hover_enabled=\u00a0\u00bboff\u00a0\u00bb button_one_text_size__hover=\u00a0\u00bbnull\u00a0\u00bb button_two_text_size__hover_enabled=\u00a0\u00bboff\u00a0\u00bb button_two_text_size__hover=\u00a0\u00bbnull\u00a0\u00bb button_one_text_color__hover_enabled=\u00a0\u00bboff\u00a0\u00bb button_one_text_color__hover=\u00a0\u00bbnull\u00a0\u00bb button_two_text_color__hover_enabled=\u00a0\u00bboff\u00a0\u00bb button_two_text_color__hover=\u00a0\u00bbnull\u00a0\u00bb button_one_border_width__hover_enabled=\u00a0\u00bboff\u00a0\u00bb button_one_border_width__hover=\u00a0\u00bbnull\u00a0\u00bb button_two_border_width__hover_enabled=\u00a0\u00bboff\u00a0\u00bb button_two_border_width__hover=\u00a0\u00bbnull\u00a0\u00bb button_one_border_color__hover_enabled=\u00a0\u00bboff\u00a0\u00bb button_one_border_color__hover=\u00a0\u00bbnull\u00a0\u00bb button_two_border_color__hover_enabled=\u00a0\u00bboff\u00a0\u00bb button_two_border_color__hover=\u00a0\u00bbnull\u00a0\u00bb button_one_border_radius__hover_enabled=\u00a0\u00bboff\u00a0\u00bb button_one_border_radius__hover=\u00a0\u00bbnull\u00a0\u00bb button_two_border_radius__hover_enabled=\u00a0\u00bboff\u00a0\u00bb button_two_border_radius__hover=\u00a0\u00bbnull\u00a0\u00bb button_one_letter_spacing__hover_enabled=\u00a0\u00bbon\u00a0\u00bb button_one_letter_spacing__hover=\u00a0\u00bb1px\u00a0\u00bb button_two_letter_spacing__hover_enabled=\u00a0\u00bbon\u00a0\u00bb button_two_letter_spacing__hover=\u00a0\u00bb1px\u00a0\u00bb button_one_bg_color__hover_enabled=\u00a0\u00bboff\u00a0\u00bb button_one_bg_color__hover=\u00a0\u00bbnull\u00a0\u00bb button_two_bg_color__hover_enabled=\u00a0\u00bboff\u00a0\u00bb button_two_bg_color__hover=\u00a0\u00bbnull\u00a0\u00bb]<\/p>\n<p>Suivez-nous sur les r\u00e9seaux sociaux :<\/p>\n<h4><a href=\"https:\/\/l.facebook.com\/l.php?u=https%3A%2F%2Ftwitter.com%2FMLandrecies%3Fs%3D07%26fbclid%3DIwAR3dr26rCiBVCY4h6YuqFQkqYE8uy7WU2zeEqAzSc5qxK6PUa-OLv3OWs6Q&amp;h=AT0Q7UQYaCmlpGoLQqb4D_28n19ZhvXkIeRfzWkWWwnycq2lbE15uoK0zqA05huONknOTiUIf6QHJ5dKwGArQAerA8H31aci1xU3_MX3JM9GVj3FJb8pl92zrOQPR8Tx6qU\"><img loading=\"lazy\" decoding=\"async\" class=\"wp-image-1611 alignnone size-full\" src=\"http:\/\/landrecies.com\/wp-content\/uploads\/2019\/01\/logo-twit-2.png\" alt=\"\" width=\"37\" height=\"30\" \/><\/a>\u00a0@MLandrecies\u00a0 \u00a0 \u00a0 \u00a0<img loading=\"lazy\" decoding=\"async\" class=\"wp-image-1610 alignnone size-full\" src=\"http:\/\/landrecies.com\/wp-content\/uploads\/2019\/01\/logo-snap-2.png\" alt=\"\" width=\"37\" height=\"30\" \/><span style=\"font-size: 16px;\">\u00a0villeLandrecies\u00a0 \u00a0 \u00a0 \u00a0<a href=\"https:\/\/www.fb.com\/mairiedelandrecies\/\"><img loading=\"lazy\" decoding=\"async\" class=\"wp-image-2057 alignnone size-full\" src=\"http:\/\/landrecies.com\/wp-content\/uploads\/2019\/01\/logo-fb-2.png\" alt=\"\" width=\"37\" height=\"30\" \/><\/a>\u00a0mairiedelandrecies<\/span><\/h4>\n<p>[\/et_pb_fullwidth_header][et_pb_fullwidth_header title=\u00a0\u00bbBesoin d&rsquo;informations ?\u00a0\u00bb button_one_text=\u00a0\u00bbConsulter l&rsquo;actualit\u00e9 de Landrecies\u00a0\u00bb button_one_url=\u00a0\u00bbhttps:\/\/landrecies.com\/index.php\/blog\/\u00a0\u00bb button_two_text=\u00a0\u00bbNous contacter\u00a0\u00bb button_two_url=\u00a0\u00bbhttps:\/\/landrecies.com\/index.php\/contact\/\u00a0\u00bb content_max_width=\u00a0\u00bb800px\u00a0\u00bb disabled_on=\u00a0\u00bboff|on|on\u00a0\u00bb _builder_version=\u00a0\u00bb4.0.6&Prime; title_level=\u00a0\u00bbh4&Prime; title_font=\u00a0\u00bbLato||||||||\u00a0\u00bb title_text_color=\u00a0\u00bb#ffffff\u00a0\u00bb title_font_size=\u00a0\u00bb35px\u00a0\u00bb title_line_height=\u00a0\u00bb1.2em\u00a0\u00bb content_font_size=\u00a0\u00bb20px\u00a0\u00bb content_line_height=\u00a0\u00bb1.8em\u00a0\u00bb background_color=\u00a0\u00bbrgba(255,255,255,0)\u00a0\u00bb use_background_color_gradient=\u00a0\u00bbon\u00a0\u00bb background_color_gradient_start=\u00a0\u00bbrgba(0,0,0,0.75)\u00a0\u00bb background_color_gradient_end=\u00a0\u00bbrgba(0,0,0,0)\u00a0\u00bb background_color_gradient_direction=\u00a0\u00bb90deg\u00a0\u00bb background_color_gradient_overlays_image=\u00a0\u00bbon\u00a0\u00bb background_image=\u00a0\u00bbhttp:\/\/landrecies.com\/wp-content\/uploads\/2018\/08\/landrecies-canal-02.jpg\u00a0\u00bb custom_button_one=\u00a0\u00bbon\u00a0\u00bb button_one_text_size=\u00a0\u00bb18px\u00a0\u00bb button_one_text_color=\u00a0\u00bb#ffffff\u00a0\u00bb button_one_bg_color=\u00a0\u00bb#4ae595&Prime; button_one_border_width=\u00a0\u00bb8px\u00a0\u00bb button_one_border_color=\u00a0\u00bb#4ae595&Prime; button_one_border_radius=\u00a0\u00bb0px\u00a0\u00bb button_one_letter_spacing=\u00a0\u00bb1px\u00a0\u00bb button_one_font=\u00a0\u00bbLato|700|||||||\u00a0\u00bb button_one_use_icon=\u00a0\u00bboff\u00a0\u00bb custom_button_two=\u00a0\u00bbon\u00a0\u00bb button_two_text_size=\u00a0\u00bb18px\u00a0\u00bb button_two_text_color=\u00a0\u00bb#000000&Prime; button_two_bg_color=\u00a0\u00bb#ffffff\u00a0\u00bb button_two_border_width=\u00a0\u00bb8px\u00a0\u00bb button_two_border_color=\u00a0\u00bb#ffffff\u00a0\u00bb button_two_border_radius=\u00a0\u00bb0px\u00a0\u00bb button_two_letter_spacing=\u00a0\u00bb1px\u00a0\u00bb button_two_font=\u00a0\u00bbLato|700|||||||\u00a0\u00bb button_two_use_icon=\u00a0\u00bboff\u00a0\u00bb custom_margin=\u00a0\u00bb|-1364px||||\u00a0\u00bb custom_padding=\u00a0\u00bb8%||8%|\u00a0\u00bb button_one_letter_spacing_hover=\u00a0\u00bb1px\u00a0\u00bb button_two_letter_spacing_hover=\u00a0\u00bb1px\u00a0\u00bb button_one_text_size__hover_enabled=\u00a0\u00bboff\u00a0\u00bb button_one_text_size__hover=\u00a0\u00bbnull\u00a0\u00bb button_two_text_size__hover_enabled=\u00a0\u00bboff\u00a0\u00bb button_two_text_size__hover=\u00a0\u00bbnull\u00a0\u00bb button_one_text_color__hover_enabled=\u00a0\u00bboff\u00a0\u00bb button_one_text_color__hover=\u00a0\u00bbnull\u00a0\u00bb button_two_text_color__hover_enabled=\u00a0\u00bboff\u00a0\u00bb button_two_text_color__hover=\u00a0\u00bbnull\u00a0\u00bb button_one_border_width__hover_enabled=\u00a0\u00bboff\u00a0\u00bb button_one_border_width__hover=\u00a0\u00bbnull\u00a0\u00bb button_two_border_width__hover_enabled=\u00a0\u00bboff\u00a0\u00bb button_two_border_width__hover=\u00a0\u00bbnull\u00a0\u00bb button_one_border_color__hover_enabled=\u00a0\u00bboff\u00a0\u00bb button_one_border_color__hover=\u00a0\u00bbnull\u00a0\u00bb button_two_border_color__hover_enabled=\u00a0\u00bboff\u00a0\u00bb button_two_border_color__hover=\u00a0\u00bbnull\u00a0\u00bb button_one_border_radius__hover_enabled=\u00a0\u00bboff\u00a0\u00bb button_one_border_radius__hover=\u00a0\u00bbnull\u00a0\u00bb button_two_border_radius__hover_enabled=\u00a0\u00bboff\u00a0\u00bb button_two_border_radius__hover=\u00a0\u00bbnull\u00a0\u00bb button_one_letter_spacing__hover_enabled=\u00a0\u00bbon\u00a0\u00bb button_one_letter_spacing__hover=\u00a0\u00bb1px\u00a0\u00bb button_two_letter_spacing__hover_enabled=\u00a0\u00bbon\u00a0\u00bb button_two_letter_spacing__hover=\u00a0\u00bb1px\u00a0\u00bb button_one_bg_color__hover_enabled=\u00a0\u00bboff\u00a0\u00bb button_one_bg_color__hover=\u00a0\u00bbnull\u00a0\u00bb button_two_bg_color__hover_enabled=\u00a0\u00bboff\u00a0\u00bb button_two_bg_color__hover=\u00a0\u00bbnull\u00a0\u00bb]<\/p>\n<p>Suivez-nous sur les r\u00e9seaux sociaux :<\/p>\n<h4><a href=\"https:\/\/l.facebook.com\/l.php?u=https%3A%2F%2Ftwitter.com%2FMLandrecies%3Fs%3D07%26fbclid%3DIwAR3dr26rCiBVCY4h6YuqFQkqYE8uy7WU2zeEqAzSc5qxK6PUa-OLv3OWs6Q&amp;h=AT0Q7UQYaCmlpGoLQqb4D_28n19ZhvXkIeRfzWkWWwnycq2lbE15uoK0zqA05huONknOTiUIf6QHJ5dKwGArQAerA8H31aci1xU3_MX3JM9GVj3FJb8pl92zrOQPR8Tx6qU\"><img loading=\"lazy\" decoding=\"async\" class=\"wp-image-1611 alignnone size-full\" src=\"http:\/\/landrecies.com\/wp-content\/uploads\/2019\/01\/logo-twit-2.png\" alt=\"\" width=\"37\" height=\"30\" \/><\/a>\u00a0@MLandrecies<\/h4>\n<h4><img loading=\"lazy\" decoding=\"async\" class=\"wp-image-1610 alignnone size-full\" src=\"http:\/\/landrecies.com\/wp-content\/uploads\/2019\/01\/logo-snap-2.png\" alt=\"\" width=\"37\" height=\"30\" \/><span style=\"font-size: 16px;\">\u00a0villeLandrecies<\/span><\/h4>\n<h4><span style=\"font-size: 16px;\"><a href=\"https:\/\/www.fb.com\/mairiedelandrecies\/\"><img loading=\"lazy\" decoding=\"async\" class=\"wp-image-2057 alignnone size-full\" src=\"http:\/\/landrecies.com\/wp-content\/uploads\/2019\/01\/logo-fb-2.png\" alt=\"\" width=\"37\" height=\"30\" \/><\/a>\u00a0mairiedelandrecies<\/span><\/h4>\n<p>[\/et_pb_fullwidth_header][\/et_pb_section]<\/p>\n","protected":false},"excerpt":{"rendered":"<p>Qu&rsquo;est-ce qu&rsquo;un C.M.J ?Le Conseil Municipal Jeunes est une instance citoyenne de r\u00e9flexion, d\u2019information, de propositions, d\u2019\u00e9changes et de partage entre la municipalit\u00e9 et les jeunes sur des questions d\u2019int\u00e9r\u00eat communal. Il explique les projets communaux et donne des responsabilit\u00e9s aux jeunes. Cr\u00e9\u00e9 en 2008, ses membres sont \u00e9lus pour deux ans. C\u2019est aussi la [&hellip;]<\/p>\n","protected":false},"author":14,"featured_media":0,"parent":0,"menu_order":0,"comment_status":"closed","ping_status":"closed","template":"page-template-fullwidth.php","meta":{"_et_pb_use_builder":"on","_et_pb_old_content":"","_et_gb_content_width":"","_eb_attr":"","footnotes":""},"class_list":["post-109","page","type-page","status-publish","hentry"],"_links":{"self":[{"href":"https:\/\/landrecies.com\/index.php\/wp-json\/wp\/v2\/pages\/109","targetHints":{"allow":["GET"]}}],"collection":[{"href":"https:\/\/landrecies.com\/index.php\/wp-json\/wp\/v2\/pages"}],"about":[{"href":"https:\/\/landrecies.com\/index.php\/wp-json\/wp\/v2\/types\/page"}],"author":[{"embeddable":true,"href":"https:\/\/landrecies.com\/index.php\/wp-json\/wp\/v2\/users\/14"}],"replies":[{"embeddable":true,"href":"https:\/\/landrecies.com\/index.php\/wp-json\/wp\/v2\/comments?post=109"}],"version-history":[{"count":8,"href":"https:\/\/landrecies.com\/index.php\/wp-json\/wp\/v2\/pages\/109\/revisions"}],"predecessor-version":[{"id":5816,"href":"https:\/\/landrecies.com\/index.php\/wp-json\/wp\/v2\/pages\/109\/revisions\/5816"}],"wp:attachment":[{"href":"https:\/\/landrecies.com\/index.php\/wp-json\/wp\/v2\/media?parent=109"}],"curies":[{"name":"wp","href":"https:\/\/api.w.org\/{rel}","templated":true}]}}