{"id":61,"date":"2018-07-17T14:11:42","date_gmt":"2018-07-17T14:11:42","guid":{"rendered":"https:\/\/landrecies.efficience59.ovh\/?page_id=61"},"modified":"2023-08-21T08:31:36","modified_gmt":"2023-08-21T08:31:36","slug":"decouvrir-landrecies","status":"publish","type":"page","link":"https:\/\/landrecies.com\/index.php\/decouvrir-landrecies\/","title":{"rendered":"D\u00e9couvrir Landrecies"},"content":{"rendered":"<p>[et_pb_section fb_built=\u00a0\u00bb1&Prime; fullwidth=\u00a0\u00bbon\u00a0\u00bb _builder_version=\u00a0\u00bb4.16&Prime; animation_style=\u00a0\u00bbslide\u00a0\u00bb animation_direction=\u00a0\u00bbtop\u00a0\u00bb animation_intensity_slide=\u00a0\u00bb2%\u00a0\u00bb animation_starting_opacity=\u00a0\u00bb100%\u00a0\u00bb global_colors_info=\u00a0\u00bb{}\u00a0\u00bb][et_pb_fullwidth_header title=\u00a0\u00bbD\u00e9couvrir Landrecies\u00a0\u00bb content_max_width=\u00a0\u00bb800px\u00a0\u00bb _builder_version=\u00a0\u00bb4.16&Prime; title_level=\u00a0\u00bbh2&Prime; title_font=\u00a0\u00bbLato||||||||\u00a0\u00bb title_font_size=\u00a0\u00bb60px\u00a0\u00bb title_line_height=\u00a0\u00bb1.2em\u00a0\u00bb content_font_size=\u00a0\u00bb20px\u00a0\u00bb content_line_height=\u00a0\u00bb1.8em\u00a0\u00bb background_color=\u00a0\u00bbrgba(255,255,255,0)\u00a0\u00bb use_background_color_gradient=\u00a0\u00bbon\u00a0\u00bb background_color_gradient_direction=\u00a0\u00bb90deg\u00a0\u00bb background_color_gradient_stops=\u00a0\u00bbrgba(0,0,0,0.75) 0%|rgba(0,0,0,0) 100%\u00a0\u00bb background_color_gradient_overlays_image=\u00a0\u00bbon\u00a0\u00bb background_color_gradient_start=\u00a0\u00bbrgba(0,0,0,0.75)\u00a0\u00bb background_color_gradient_end=\u00a0\u00bbrgba(0,0,0,0)\u00a0\u00bb background_image=\u00a0\u00bbhttps:\/\/landrecies.com\/wp-content\/uploads\/2018\/10\/landrecies-photo-aerienne-02.jpg\u00a0\u00bb background_position=\u00a0\u00bbtop_center\u00a0\u00bb custom_button_one=\u00a0\u00bbon\u00a0\u00bb button_one_text_size=\u00a0\u00bb18px\u00a0\u00bb button_one_bg_color=\u00a0\u00bb#02d002&Prime; button_one_border_width=\u00a0\u00bb8px\u00a0\u00bb button_one_border_color=\u00a0\u00bb#02d002&Prime; button_one_border_radius=\u00a0\u00bb0px\u00a0\u00bb button_one_letter_spacing=\u00a0\u00bb1px\u00a0\u00bb button_one_font=\u00a0\u00bbLato|700|||||||\u00a0\u00bb button_one_use_icon=\u00a0\u00bboff\u00a0\u00bb custom_button_two=\u00a0\u00bbon\u00a0\u00bb button_two_text_size=\u00a0\u00bb18px\u00a0\u00bb button_two_text_color=\u00a0\u00bb#353740&Prime; button_two_bg_color=\u00a0\u00bb#ffffff\u00a0\u00bb button_two_border_width=\u00a0\u00bb8px\u00a0\u00bb button_two_border_color=\u00a0\u00bb#ffffff\u00a0\u00bb button_two_border_radius=\u00a0\u00bb0px\u00a0\u00bb button_two_letter_spacing=\u00a0\u00bb1px\u00a0\u00bb button_two_font=\u00a0\u00bbLato|700|||||||\u00a0\u00bb button_two_use_icon=\u00a0\u00bboff\u00a0\u00bb custom_margin=\u00a0\u00bb|||\u00a0\u00bb custom_padding=\u00a0\u00bb8%||8%|\u00a0\u00bb button_one_letter_spacing_hover=\u00a0\u00bb1px\u00a0\u00bb button_two_letter_spacing_hover=\u00a0\u00bb1px\u00a0\u00bb locked=\u00a0\u00bboff\u00a0\u00bb global_colors_info=\u00a0\u00bb{}\u00a0\u00bb button_one_text_size__hover_enabled=\u00a0\u00bboff\u00a0\u00bb button_two_text_size__hover_enabled=\u00a0\u00bboff\u00a0\u00bb button_one_text_color__hover_enabled=\u00a0\u00bboff\u00a0\u00bb button_two_text_color__hover_enabled=\u00a0\u00bboff\u00a0\u00bb button_one_border_width__hover_enabled=\u00a0\u00bboff\u00a0\u00bb button_two_border_width__hover_enabled=\u00a0\u00bboff\u00a0\u00bb button_one_border_color__hover_enabled=\u00a0\u00bboff\u00a0\u00bb button_two_border_color__hover_enabled=\u00a0\u00bboff\u00a0\u00bb button_one_border_radius__hover_enabled=\u00a0\u00bboff\u00a0\u00bb button_two_border_radius__hover_enabled=\u00a0\u00bboff\u00a0\u00bb button_one_letter_spacing__hover_enabled=\u00a0\u00bbon\u00a0\u00bb button_one_letter_spacing__hover=\u00a0\u00bb1px\u00a0\u00bb button_two_letter_spacing__hover_enabled=\u00a0\u00bbon\u00a0\u00bb button_two_letter_spacing__hover=\u00a0\u00bb1px\u00a0\u00bb button_one_bg_color__hover_enabled=\u00a0\u00bboff\u00a0\u00bb button_two_bg_color__hover_enabled=\u00a0\u00bboff\u00a0\u00bb][\/et_pb_fullwidth_header][\/et_pb_section][et_pb_section fb_built=\u00a0\u00bb1&Prime; custom_padding_last_edited=\u00a0\u00bbon|desktop\u00a0\u00bb admin_label=\u00a0\u00bbInformation Section\u00a0\u00bb _builder_version=\u00a0\u00bb4.17.1&Prime; custom_margin=\u00a0\u00bb||-4px||false|false\u00a0\u00bb custom_padding=\u00a0\u00bb100px||150px|||\u00a0\u00bb custom_padding_tablet=\u00a0\u00bb\u00a0\u00bb custom_padding_phone=\u00a0\u00bb30px||30px\u00a0\u00bb global_colors_info=\u00a0\u00bb{}\u00a0\u00bb][et_pb_row _builder_version=\u00a0\u00bb4.22.0&Prime; _module_preset=\u00a0\u00bbdefault\u00a0\u00bb custom_padding=\u00a0\u00bb1px||13px|||\u00a0\u00bb global_colors_info=\u00a0\u00bb{}\u00a0\u00bb][et_pb_column type=\u00a0\u00bb4_4&Prime; _builder_version=\u00a0\u00bb4.22.0&Prime; _module_preset=\u00a0\u00bbdefault\u00a0\u00bb global_colors_info=\u00a0\u00bb{}\u00a0\u00bb][et_pb_text _builder_version=\u00a0\u00bb4.22.0&Prime; _module_preset=\u00a0\u00bbdefault\u00a0\u00bb global_colors_info=\u00a0\u00bb{}\u00a0\u00bb]<\/p>\n<h1>Pr\u00e9sentation de la commune<\/h1>\n<p>[\/et_pb_text][\/et_pb_column][\/et_pb_row][et_pb_row _builder_version=\u00a0\u00bb4.17.1&Prime; _module_preset=\u00a0\u00bbdefault\u00a0\u00bb custom_margin=\u00a0\u00bb|auto|19px|auto||\u00a0\u00bb custom_padding=\u00a0\u00bb0px||4px|||\u00a0\u00bb global_colors_info=\u00a0\u00bb{}\u00a0\u00bb][et_pb_column type=\u00a0\u00bb4_4&Prime; _builder_version=\u00a0\u00bb4.17.1&Prime; _module_preset=\u00a0\u00bbdefault\u00a0\u00bb global_colors_info=\u00a0\u00bb{}\u00a0\u00bb][et_pb_text _builder_version=\u00a0\u00bb4.22.0&Prime; _module_preset=\u00a0\u00bbdefault\u00a0\u00bb global_colors_info=\u00a0\u00bb{}\u00a0\u00bb]<\/p>\n<p><em>La commune de Landrecies, implant\u00e9e au c\u0153ur de l\u2019Avesnois \u00e0 \u00e9gale distance entre Maubeuge et Valenciennes, se situe dans un rayon de 15 kms environ au centre d\u2019un triangle form\u00e9 par Avesnes sur Helpe, Le Cateau et Le Quesnoy. <\/em><em>Landrecies fait partie de la Communaut\u00e9 de Communes du Pays de Mormal qui regroupe 53 communes.<\/em><\/p>\n<p>[\/et_pb_text][\/et_pb_column][\/et_pb_row][et_pb_row _builder_version=\u00a0\u00bb4.17.1&Prime; _module_preset=\u00a0\u00bbdefault\u00a0\u00bb custom_padding=\u00a0\u00bb2px||0px|||\u00a0\u00bb global_colors_info=\u00a0\u00bb{}\u00a0\u00bb][et_pb_column type=\u00a0\u00bb4_4&Prime; _builder_version=\u00a0\u00bb4.17.1&Prime; _module_preset=\u00a0\u00bbdefault\u00a0\u00bb global_colors_info=\u00a0\u00bb{}\u00a0\u00bb][et_pb_text _builder_version=\u00a0\u00bb4.22.0&Prime; _module_preset=\u00a0\u00bbdefault\u00a0\u00bb custom_margin=\u00a0\u00bb||-9px|||\u00a0\u00bb global_colors_info=\u00a0\u00bb{}\u00a0\u00bb]<\/p>\n<h2>Au c\u0153ur de l&rsquo;Avesnois<\/h2>\n<p>[\/et_pb_text][\/et_pb_column][\/et_pb_row][et_pb_row column_structure=\u00a0\u00bb1_3,1_3,1_3&Prime; _builder_version=\u00a0\u00bb4.17.1&Prime; _module_preset=\u00a0\u00bbdefault\u00a0\u00bb custom_padding=\u00a0\u00bb11px|||||\u00a0\u00bb global_colors_info=\u00a0\u00bb{}\u00a0\u00bb][et_pb_column type=\u00a0\u00bb1_3&Prime; _builder_version=\u00a0\u00bb4.17.1&Prime; _module_preset=\u00a0\u00bbdefault\u00a0\u00bb global_colors_info=\u00a0\u00bb{}\u00a0\u00bb][et_pb_text _builder_version=\u00a0\u00bb4.22.0&Prime; _module_preset=\u00a0\u00bbdefault\u00a0\u00bb global_colors_info=\u00a0\u00bb{}\u00a0\u00bb]<\/p>\n<p>\u00c0 proximit\u00e9 de la for\u00eat domaniale de Mormal, Landrecies a des atouts touristiques forts. Son caract\u00e8re rural permet de proposer des balades champ\u00eatres en for\u00eat. La for\u00eat domaniale de Mormal, riche par sa flore et la faune qu\u2019elle abrite, constitue, quant \u00e0 elle, un v\u00e9ritable observatoire pour les amoureux de la nature. D\u2019ailleurs,<br \/>l\u2019arboretum de l\u2019\u00c9tang David situ\u00e9 en plein c\u0153ur de la for\u00eat offre un parc \u00e9ducatif o\u00f9 sont pr\u00e9sent\u00e9es les diff\u00e9rentes essences d\u2019arbres locales. Un des atouts majeurs de Landrecies concerne aussi le Canal de la Sambre \u00e0 l\u2019Oise qui traverse la ville. La navigation de plaisance est rouverte depuis juillet 2021. Elle permet de d\u00e9velopper le tourisme fluvial, et d\u2019accueillir tous les plaisanciers dont ceux venant de Belgique<\/p>\n<p>[\/et_pb_text][\/et_pb_column][et_pb_column type=\u00a0\u00bb1_3&Prime; _builder_version=\u00a0\u00bb4.17.1&Prime; _module_preset=\u00a0\u00bbdefault\u00a0\u00bb global_colors_info=\u00a0\u00bb{}\u00a0\u00bb][et_pb_gallery gallery_ids=\u00a0\u00bb7118,7117&Prime; posts_number=\u00a0\u00bb1&Prime; _builder_version=\u00a0\u00bb4.22.0&Prime; _module_preset=\u00a0\u00bbdefault\u00a0\u00bb max_width=\u00a0\u00bb99%\u00a0\u00bb module_alignment=\u00a0\u00bbcenter\u00a0\u00bb max_height=\u00a0\u00bb235px\u00a0\u00bb custom_margin=\u00a0\u00bb|-21px||-21px||\u00a0\u00bb border_radii_image=\u00a0\u00bbon|10px|10px|10px|10px\u00a0\u00bb global_colors_info=\u00a0\u00bb{}\u00a0\u00bb][\/et_pb_gallery][\/et_pb_column][et_pb_column type=\u00a0\u00bb1_3&Prime; _builder_version=\u00a0\u00bb4.17.1&Prime; _module_preset=\u00a0\u00bbdefault\u00a0\u00bb global_colors_info=\u00a0\u00bb{}\u00a0\u00bb][et_pb_text _builder_version=\u00a0\u00bb4.22.0&Prime; _module_preset=\u00a0\u00bbdefault\u00a0\u00bb global_colors_info=\u00a0\u00bb{}\u00a0\u00bb]<\/p>\n<p>avec la possibilit\u00e9 de naviguer vers l\u2019\u00cele-de-France, en reliant le bassin de la Seine aux canaux d\u2019Europe du Nord. Situ\u00e9e \u00e0 c\u00f4t\u00e9 du jardin public et directement \u00e0 proximit\u00e9 du centre-ville, la halte nautique, Quai du Pont Rouge et bient\u00f4t c\u00f4t\u00e9 jardin public, accueillent les bateaux de plaisance, offrant aux voyageurs la possibilit\u00e9 de s\u00e9journer dans un environnement calme et verdoyant mais \u00e9galement d\u2019acc\u00e9der aux commerces de premi\u00e8re n\u00e9cessit\u00e9. Des circuits sont accessibles via les berges du canal de la Sambre. \u00c0 pied ou en cycle, \u00e0 partir du jardin public ou l\u2019\u00e9cluse, les sentiers de halage offrent des balades bucoliques en amont vers Maroilles et en aval vers Ors.<\/p>\n<p>[\/et_pb_text][\/et_pb_column][\/et_pb_row][et_pb_row _builder_version=\u00a0\u00bb4.17.1&Prime; _module_preset=\u00a0\u00bbdefault\u00a0\u00bb custom_padding=\u00a0\u00bb||0px|||\u00a0\u00bb global_colors_info=\u00a0\u00bb{}\u00a0\u00bb][et_pb_column type=\u00a0\u00bb4_4&Prime; _builder_version=\u00a0\u00bb4.17.1&Prime; _module_preset=\u00a0\u00bbdefault\u00a0\u00bb global_colors_info=\u00a0\u00bb{}\u00a0\u00bb][et_pb_text _builder_version=\u00a0\u00bb4.22.0&Prime; _module_preset=\u00a0\u00bbdefault\u00a0\u00bb global_colors_info=\u00a0\u00bb{}\u00a0\u00bb]<\/p>\n<h2>Une ville dynamique<\/h2>\n<p>[\/et_pb_text][\/et_pb_column][\/et_pb_row][et_pb_row column_structure=\u00a0\u00bb1_3,1_3,1_3&Prime; _builder_version=\u00a0\u00bb4.17.1&Prime; _module_preset=\u00a0\u00bbdefault\u00a0\u00bb custom_padding=\u00a0\u00bb0px|||||\u00a0\u00bb global_colors_info=\u00a0\u00bb{}\u00a0\u00bb][et_pb_column type=\u00a0\u00bb1_3&Prime; _builder_version=\u00a0\u00bb4.17.1&Prime; _module_preset=\u00a0\u00bbdefault\u00a0\u00bb global_colors_info=\u00a0\u00bb{}\u00a0\u00bb][et_pb_text _builder_version=\u00a0\u00bb4.22.0&Prime; _module_preset=\u00a0\u00bbdefault\u00a0\u00bb global_colors_info=\u00a0\u00bb{}\u00a0\u00bb]<\/p>\n<p>Les commerces et l\u2019artisanat local ainsi que les entrepreneurs r\u00e9pondent aux besoins de la population, attirent les habitants des villages<br \/>alentours ainsi que de nouveaux habitants sensibles au panel de services rendus. Une dynamique de d\u00e9veloppement durable s\u2019est mise en place, permettant la r\u00e9habilitation de locaux commerciaux vacants.<br \/>Le march\u00e9 couvert de la ville accueille votre rendez-vous \u00ab Place au march\u00e9 ! \u00bb tous les samedis matin.<br \/>Le tissu associatif joue \u00e9galement un r\u00f4le crucial dans la vie de la commune. La diversit\u00e9 des activit\u00e9s sportives, de loisirs, pour enfants et adultes incite \u00e0 venir \u00e0 Landrecies et \u00e9vite ainsi les d\u00e9placements. Les nombreux \u00e9v\u00e9nements propos\u00e9s par les associations tout au long de l\u2019ann\u00e9e, contribuent au dynamisme de la ville (Foire St-Luc du 18 octobre, Grande ducasse de juillet, \u2026).<\/p>\n<p>[\/et_pb_text][\/et_pb_column][et_pb_column type=\u00a0\u00bb1_3&Prime; _builder_version=\u00a0\u00bb4.17.1&Prime; _module_preset=\u00a0\u00bbdefault\u00a0\u00bb global_colors_info=\u00a0\u00bb{}\u00a0\u00bb][et_pb_text _builder_version=\u00a0\u00bb4.17.1&Prime; _module_preset=\u00a0\u00bbdefault\u00a0\u00bb custom_margin=\u00a0\u00bb|13px||-12px||\u00a0\u00bb global_colors_info=\u00a0\u00bb{}\u00a0\u00bb]<\/p>\n<p>Un autre point fort de la commune est sa cit\u00e9 scolaire. Le coll\u00e8ge dot\u00e9 d\u2019une SEGPA et le lyc\u00e9e Dupleix offrent \u00e0 la jeunesse landrecienne la possibilit\u00e9 de r\u00e9aliser un cursus scolaire allant jusqu\u2019au BTS. Le lyc\u00e9e et le coll\u00e8ge sont desservis par les bus. L\u2019internat est un atout dans le choix de cette structure \u00e9ducative.<br \/>\u00c0 quelques pas, se situent les \u00e9coles primaires de niveau 1 et 2 et l\u2019\u00e9cole maternelle Emilienne Bonnaire ainsi que l\u2019\u00e9cole municipale de musique C. Lemaire dont l\u2019\u00e9quipe p\u00e9dagogique propose cours th\u00e9orique d\u2019instrument en individuel ou collectif.<br \/>En mai 2021, la construction d\u2019un Restaurant Scolaire &amp; Espace Polyvalent compl\u00e8te l\u2019ensemble du p\u00f4le \u00e9ducatif.<br \/>Il permet d\u2019accueillir les enfants pour le d\u00e9jeuner dans un cadre agr\u00e9able et moderne puisqu\u2019il est dot\u00e9 d\u2019\u00e9quipements neufs et d\u2019un self-service.<\/p>\n<p>[\/et_pb_text][\/et_pb_column][et_pb_column type=\u00a0\u00bb1_3&Prime; _builder_version=\u00a0\u00bb4.17.1&Prime; _module_preset=\u00a0\u00bbdefault\u00a0\u00bb global_colors_info=\u00a0\u00bb{}\u00a0\u00bb][et_pb_gallery gallery_ids=\u00a0\u00bb7115,7116&Prime; posts_number=\u00a0\u00bb1&Prime; _builder_version=\u00a0\u00bb4.22.0&Prime; _module_preset=\u00a0\u00bbdefault\u00a0\u00bb max_width=\u00a0\u00bb99%\u00a0\u00bb module_alignment=\u00a0\u00bbcenter\u00a0\u00bb max_height=\u00a0\u00bb235px\u00a0\u00bb custom_margin=\u00a0\u00bb|||-25px||\u00a0\u00bb custom_padding=\u00a0\u00bb|2px||||\u00a0\u00bb border_radii_image=\u00a0\u00bbon|10px|10px|10px|10px\u00a0\u00bb global_colors_info=\u00a0\u00bb{}\u00a0\u00bb][\/et_pb_gallery][\/et_pb_column][\/et_pb_row][et_pb_row _builder_version=\u00a0\u00bb4.17.1&Prime; _module_preset=\u00a0\u00bbdefault\u00a0\u00bb custom_padding=\u00a0\u00bb29px||4px|||\u00a0\u00bb global_colors_info=\u00a0\u00bb{}\u00a0\u00bb][et_pb_column type=\u00a0\u00bb4_4&Prime; _builder_version=\u00a0\u00bb4.17.1&Prime; _module_preset=\u00a0\u00bbdefault\u00a0\u00bb global_colors_info=\u00a0\u00bb{}\u00a0\u00bb][et_pb_text _builder_version=\u00a0\u00bb4.22.0&Prime; _module_preset=\u00a0\u00bbdefault\u00a0\u00bb global_colors_info=\u00a0\u00bb{}\u00a0\u00bb]<\/p>\n<h2>Une ville moderne<\/h2>\n<p>[\/et_pb_text][\/et_pb_column][\/et_pb_row][et_pb_row column_structure=\u00a0\u00bb1_2,1_2&Prime; _builder_version=\u00a0\u00bb4.17.1&Prime; _module_preset=\u00a0\u00bbdefault\u00a0\u00bb custom_margin=\u00a0\u00bb8px|auto||auto||\u00a0\u00bb custom_padding=\u00a0\u00bb0px|||||\u00a0\u00bb global_colors_info=\u00a0\u00bb{}\u00a0\u00bb][et_pb_column type=\u00a0\u00bb1_2&Prime; _builder_version=\u00a0\u00bb4.17.1&Prime; _module_preset=\u00a0\u00bbdefault\u00a0\u00bb global_colors_info=\u00a0\u00bb{}\u00a0\u00bb][et_pb_gallery gallery_ids=\u00a0\u00bb7125,7126&Prime; posts_number=\u00a0\u00bb2&Prime; _builder_version=\u00a0\u00bb4.22.0&Prime; _module_preset=\u00a0\u00bbdefault\u00a0\u00bb max_width=\u00a0\u00bb99%\u00a0\u00bb module_alignment=\u00a0\u00bbcenter\u00a0\u00bb max_height=\u00a0\u00bb235px\u00a0\u00bb border_radii=\u00a0\u00bbon|10px|10px|10px|10px\u00a0\u00bb global_colors_info=\u00a0\u00bb{}\u00a0\u00bb][\/et_pb_gallery][\/et_pb_column][et_pb_column type=\u00a0\u00bb1_2&Prime; _builder_version=\u00a0\u00bb4.17.1&Prime; _module_preset=\u00a0\u00bbdefault\u00a0\u00bb global_colors_info=\u00a0\u00bb{}\u00a0\u00bb][et_pb_text _builder_version=\u00a0\u00bb4.22.0&Prime; _module_preset=\u00a0\u00bbdefault\u00a0\u00bb custom_margin=\u00a0\u00bb-8px|||||\u00a0\u00bb global_colors_info=\u00a0\u00bb{}\u00a0\u00bb]<\/p>\n<p>Pour compl\u00e9ter les services de la commune, des hotspots ont \u00e9t\u00e9 install\u00e9s aux points strat\u00e9giques de la ville. Ils permettent \u00e0 chacun de se connecter gratuitement et d\u2019acc\u00e9der de fa\u00e7on s\u00e9curis\u00e9e \u00e0 internet, par le biais du dispositif WIFI4EU.<\/p>\n<p>Forte d\u2019une programmation culturelle diversifi\u00e9e et de qualit\u00e9, la commune ne manque pas de c\u00e9l\u00e9brer l\u2019embl\u00e9matique foire St-Luc le 18 octobre, date immuable depuis environ 800 ans. Cette derni\u00e8re fait partie de notre pass\u00e9 historique reconnue dans l\u2019Avesnois.<br \/>Pour suivre l\u2019\u00e9v\u00e8nementiel de la commune et son actualit\u00e9, rendez-vous sur la page facebook <strong>mairie de Landrecies<\/strong>.<\/p>\n<p>[\/et_pb_text][\/et_pb_column][\/et_pb_row][et_pb_row _builder_version=\u00a0\u00bb4.22.0&Prime; _module_preset=\u00a0\u00bbdefault\u00a0\u00bb custom_padding=\u00a0\u00bb3px||0px|||\u00a0\u00bb global_colors_info=\u00a0\u00bb{}\u00a0\u00bb][et_pb_column type=\u00a0\u00bb4_4&Prime; _builder_version=\u00a0\u00bb4.22.0&Prime; _module_preset=\u00a0\u00bbdefault\u00a0\u00bb global_colors_info=\u00a0\u00bb{}\u00a0\u00bb][et_pb_divider color=\u00a0\u00bb#f28f51&Prime; divider_weight=\u00a0\u00bb3px\u00a0\u00bb _builder_version=\u00a0\u00bb4.22.0&Prime; _module_preset=\u00a0\u00bbdefault\u00a0\u00bb module_alignment=\u00a0\u00bbcenter\u00a0\u00bb global_colors_info=\u00a0\u00bb{}\u00a0\u00bb][\/et_pb_divider][\/et_pb_column][\/et_pb_row][et_pb_row _builder_version=\u00a0\u00bb4.22.0&Prime; _module_preset=\u00a0\u00bbdefault\u00a0\u00bb custom_padding=\u00a0\u00bb30px||4px|||\u00a0\u00bb global_colors_info=\u00a0\u00bb{}\u00a0\u00bb][et_pb_column type=\u00a0\u00bb4_4&Prime; _builder_version=\u00a0\u00bb4.22.0&Prime; _module_preset=\u00a0\u00bbdefault\u00a0\u00bb global_colors_info=\u00a0\u00bb{}\u00a0\u00bb][et_pb_text _builder_version=\u00a0\u00bb4.22.0&Prime; _module_preset=\u00a0\u00bbdefault\u00a0\u00bb global_colors_info=\u00a0\u00bb{}\u00a0\u00bb]<\/p>\n<h1>Contexte historique<\/h1>\n<p>[\/et_pb_text][et_pb_text _builder_version=\u00a0\u00bb4.22.0&Prime; _module_preset=\u00a0\u00bbdefault\u00a0\u00bb custom_margin=\u00a0\u00bb-18px|||||\u00a0\u00bb global_colors_info=\u00a0\u00bb{}\u00a0\u00bb]<\/p>\n<p><strong><em>Le territoire de notre commune est occup\u00e9 d\u00e8s la Pr\u00e9histoire. Gaulois, Romains et Francs laissent des traces de leur pr\u00e9sence.<br \/>Mais ce n\u2019est qu\u2019au d\u00e9but du Moyen-\u00c2ge qu\u2019appara\u00eet le nom de <\/em><\/strong><strong><em>\u00ab Landarik \u00bb qui donnera le nom de Landrecies.<\/em><\/strong><\/p>\n<p>[\/et_pb_text][\/et_pb_column][\/et_pb_row][et_pb_row column_structure=\u00a0\u00bb1_3,1_3,1_3&Prime; _builder_version=\u00a0\u00bb4.22.0&Prime; _module_preset=\u00a0\u00bbdefault\u00a0\u00bb global_colors_info=\u00a0\u00bb{}\u00a0\u00bb][et_pb_column type=\u00a0\u00bb1_3&Prime; _builder_version=\u00a0\u00bb4.22.0&Prime; _module_preset=\u00a0\u00bbdefault\u00a0\u00bb global_colors_info=\u00a0\u00bb{}\u00a0\u00bb][et_pb_text _builder_version=\u00a0\u00bb4.22.0&Prime; _module_preset=\u00a0\u00bbdefault\u00a0\u00bb global_colors_info=\u00a0\u00bb{}\u00a0\u00bb]<\/p>\n<p>D\u00e8s le XI\u00e8 si\u00e8cle, Landrecies est aux mains des seigneurs d\u2019Avesnes. En 1096, l\u2019un d\u2019eux fait construire un donjon \u00e0 la lisi\u00e8re de la for\u00eat de Mormal, pr\u00e8s d\u2019un gu\u00e9 de la Sambre. Un deuxi\u00e8me donjon est \u00e9difi\u00e9 vers 1140 par Nicolas d\u2019Avesnes. Ce seigneur a un r\u00f4le important dans le d\u00e9veloppement de la ville notamment en octroyant une charte aux habitants. Son fils Jacques devient seigneur de Landrecies.<\/p>\n<p>C\u2019est, semble-t-il, vers 1303 que le Comte de Blois, seigneur d\u2019Avesnes et de Landrecies, octroie un march\u00e9 hebdomadaire et une foire franche annuelle qui se tient \u00e0 la Saint-Luc, le 18 octobre.<br \/>Durant la p\u00e9riode m\u00e9di\u00e9vale, Landrecies est, comme Avesnes, une ville du Hainaut, comt\u00e9 regroupant l\u2019Avesnois, le Valenciennois et l\u2019actuel Hainaut belge. Landrecies n\u2019est donc pas en territoire fran\u00e7ais et il lui arrive d\u2019\u00eatre victime des ambitions des rois de France et de leur volont\u00e9 de conqu\u00e9rir la r\u00e9gion. La ville est ainsi incendi\u00e9e en 1477 par Louis XI. Plus tard, Fran\u00e7ois 1er parvient \u00e0 l\u2019occuper et pourvoit la place de fortifications bastionn\u00e9es. Mais Landrecies repasse aux mains de Charles Quint :<\/p>\n<p>[\/et_pb_text][\/et_pb_column][et_pb_column type=\u00a0\u00bb1_3&Prime; _builder_version=\u00a0\u00bb4.22.0&Prime; _module_preset=\u00a0\u00bbdefault\u00a0\u00bb global_colors_info=\u00a0\u00bb{}\u00a0\u00bb][et_pb_text _builder_version=\u00a0\u00bb4.22.0&Prime; _module_preset=\u00a0\u00bbdefault\u00a0\u00bb global_colors_info=\u00a0\u00bb{}\u00a0\u00bb]<\/p>\n<p>elle fait alors partie d\u2019un empire immense de Louis XIV. Le trait\u00e9 des Pyr\u00e9n\u00e9es est sign\u00e9 en 1659. La ville est d\u00e9sormais d\u00e9finitivement fran\u00e7aise. Elle devient le si\u00e8ge d\u2019un gouvernement militaire et les fortifications sont am\u00e9lior\u00e9es par Vauban.<\/p>\n<p>Mais celles-ci ne permettent pas \u00e0 Landrecies de r\u00e9sister \u00e0 l\u2019assaut des coalis\u00e9s en 1794 : bombes et boulets an\u00e9antissent la ville. Elle est reprise par le g\u00e9n\u00e9ral Sch\u00e9rer et la convention d\u00e9cr\u00e8te que Landrecies sera reconstruite aux frais de l\u2019\u00c9tat et que \u00ab ses habitants ont bien m\u00e9rit\u00e9 de la patrie \u00bb. La L\u00e9gion d\u2019honneur lui sera attribu\u00e9e en 1900.<\/p>\n<p>Au XIXeme si\u00e8cle, la ville se transforme. Une verrerie s\u2019implante, la Sambre est canalis\u00e9e, on creuse le canal de la Sambre \u00e0 l\u2019Oise et on ouvre la ligne ferroviaire de St-Quentin \u00e0 la fronti\u00e8re Belge. Fin XIXeme si\u00e8cle, d\u00e9but XXeme si\u00e8cle, les remparts sont abattus pour laisser place \u00e0 de nouveaux quartiers. Deux nouvelles usines s\u2019installent : une minoterie et une fabrique de c\u00e9ramique.<\/p>\n<p>[\/et_pb_text][\/et_pb_column][et_pb_column type=\u00a0\u00bb1_3&Prime; _builder_version=\u00a0\u00bb4.22.0&Prime; _module_preset=\u00a0\u00bbdefault\u00a0\u00bb global_colors_info=\u00a0\u00bb{}\u00a0\u00bb][et_pb_text _builder_version=\u00a0\u00bb4.22.0&Prime; _module_preset=\u00a0\u00bbdefault\u00a0\u00bb global_colors_info=\u00a0\u00bb{}\u00a0\u00bb]<\/p>\n<p>La 1e Guerre Mondiale frappe la ville de plein fouet. Elle est ruin\u00e9e par l\u2019occupant et, en 1918, le centre-ville est bombard\u00e9. Durant la deuxi\u00e8me moiti\u00e9 du XXeme si\u00e8cle de nouveaux \u00e9quipements voient le jour : lyc\u00e9e, centre social &amp; culturel, m\u00e9diath\u00e8que, salle de sports et transforment le bourg en cit\u00e9 moderne active.<\/p>\n<p>Enfin, le d\u00e9but du XXIeme si\u00e8cle est marqu\u00e9 par le projet de revitalisation du centre-ville et la cr\u00e9ation de plusieurs mus\u00e9es d\u00e9di\u00e9s \u00e0 Ernest Amas, Joseph Fran\u00e7ois Dupleix, Paul Boussemart et Jules Gosselet. Landrecies, h\u00e9riti\u00e8re d\u2019une histoire passionnante et d\u2019un patrimoine marqu\u00e9, n\u2019a pas fini de faire parler d\u2019elle.<\/p>\n<p>[\/et_pb_text][\/et_pb_column][\/et_pb_row][et_pb_row column_structure=\u00a0\u00bb1_2,1_2&Prime; admin_label=\u00a0\u00bbDonation Area\u00a0\u00bb _builder_version=\u00a0\u00bb4.16&Prime; custom_padding=\u00a0\u00bb36.4531px|0px|36.4531px|0|false|false\u00a0\u00bb custom_width_px=\u00a0\u00bb650px\u00a0\u00bb global_colors_info=\u00a0\u00bb{}\u00a0\u00bb][et_pb_column type=\u00a0\u00bb1_2&Prime; _builder_version=\u00a0\u00bb4.16&Prime; custom_padding=\u00a0\u00bb|||\u00a0\u00bb global_colors_info=\u00a0\u00bb{}\u00a0\u00bb custom_padding__hover=\u00a0\u00bb|||\u00a0\u00bb][et_pb_text disabled_on=\u00a0\u00bboff|off|off\u00a0\u00bb admin_label=\u00a0\u00bbTitle\u00a0\u00bb _builder_version=\u00a0\u00bb4.17.1&Prime; header_2_font=\u00a0\u00bbLato||||||||\u00a0\u00bb header_2_font_size=\u00a0\u00bb36px\u00a0\u00bb header_2_line_height=\u00a0\u00bb1.5em\u00a0\u00bb module_alignment=\u00a0\u00bbcenter\u00a0\u00bb custom_margin=\u00a0\u00bb||15px|\u00a0\u00bb custom_padding=\u00a0\u00bb|||\u00a0\u00bb animation_direction=\u00a0\u00bbleft\u00a0\u00bb global_colors_info=\u00a0\u00bb{}\u00a0\u00bb]<\/p>\n<h1>Le B\u00e2timent de la mairie<\/h1>\n<p>[\/et_pb_text][et_pb_text _builder_version=\u00a0\u00bb4.22.0&Prime; text_font_size=\u00a0\u00bb16px\u00a0\u00bb text_line_height=\u00a0\u00bb1.8em\u00a0\u00bb header_2_font=\u00a0\u00bbLato||||||||\u00a0\u00bb header_2_font_size=\u00a0\u00bb36px\u00a0\u00bb header_2_line_height=\u00a0\u00bb1.5em\u00a0\u00bb module_alignment=\u00a0\u00bbcenter\u00a0\u00bb custom_margin=\u00a0\u00bb||15px|\u00a0\u00bb custom_padding=\u00a0\u00bb|||\u00a0\u00bb animation_direction=\u00a0\u00bbleft\u00a0\u00bb locked=\u00a0\u00bboff\u00a0\u00bb global_colors_info=\u00a0\u00bb{}\u00a0\u00bb]<\/p>\n<p>Construit en 1739-1740, l\u2019H\u00f4tel de ville a \u00e9t\u00e9 en grande partie endommag\u00e9 suite aux bombardements de 1918. La partie droite du rez-de-chauss\u00e9e et l\u2019\u00e9tage ont \u00e9t\u00e9 reconstruits en 1920. Ce b\u00e2timent en brique, avec ses appuis en pierre bleue, a \u00e9t\u00e9 \u00e9lev\u00e9 sur des fondations en pierre d\u2019un m\u00e8tre d\u2019\u00e9paisseur. L\u2019ampleur du b\u00e2timent s\u2019explique par le fait que tout le rez-de-chauss\u00e9e \u00e9tait occup\u00e9 par les halles aux grains, Landrecies se trouvant \u00e0 la jonction entre les pays de plaine ouverte, en particulier le Cambr\u00e9sis, et ceux de bocage et d\u2019herbe, l\u2019Avesnois et de contrefort des Ardennes.<\/p>\n<p>[\/et_pb_text][\/et_pb_column][et_pb_column type=\u00a0\u00bb1_2&Prime; _builder_version=\u00a0\u00bb4.16&Prime; custom_padding=\u00a0\u00bb|||\u00a0\u00bb global_colors_info=\u00a0\u00bb{}\u00a0\u00bb custom_padding__hover=\u00a0\u00bb|||\u00a0\u00bb][et_pb_image src=\u00a0\u00bbhttps:\/\/landrecies.com\/wp-content\/uploads\/2018\/10\/place_mairie2.jpg\u00a0\u00bb show_in_lightbox=\u00a0\u00bbon\u00a0\u00bb align=\u00a0\u00bbcenter\u00a0\u00bb align_tablet=\u00a0\u00bbcenter\u00a0\u00bb align_phone=\u00a0\u00bb\u00a0\u00bb align_last_edited=\u00a0\u00bbon|desktop\u00a0\u00bb _builder_version=\u00a0\u00bb4.22.0&Prime; max_width=\u00a0\u00bb99%\u00a0\u00bb module_alignment=\u00a0\u00bbcenter\u00a0\u00bb max_height=\u00a0\u00bb235px\u00a0\u00bb custom_margin=\u00a0\u00bb0.3%|||||\u00a0\u00bb custom_padding=\u00a0\u00bb55px|||||\u00a0\u00bb border_radii=\u00a0\u00bbon|10px|10px|10px|10px\u00a0\u00bb global_colors_info=\u00a0\u00bb{}\u00a0\u00bb][\/et_pb_image][\/et_pb_column][\/et_pb_row][et_pb_row _builder_version=\u00a0\u00bb4.22.0&Prime; _module_preset=\u00a0\u00bbdefault\u00a0\u00bb custom_padding=\u00a0\u00bb30px||0px|||\u00a0\u00bb global_colors_info=\u00a0\u00bb{}\u00a0\u00bb][et_pb_column type=\u00a0\u00bb4_4&Prime; _builder_version=\u00a0\u00bb4.22.0&Prime; _module_preset=\u00a0\u00bbdefault\u00a0\u00bb global_colors_info=\u00a0\u00bb{}\u00a0\u00bb][et_pb_text _builder_version=\u00a0\u00bb4.22.0&Prime; _module_preset=\u00a0\u00bbdefault\u00a0\u00bb global_colors_info=\u00a0\u00bb{}\u00a0\u00bb]<\/p>\n<h1>Nos principaux monuments<\/h1>\n<p>[\/et_pb_text][\/et_pb_column][\/et_pb_row][et_pb_row column_structure=\u00a0\u00bb1_2,1_2&Prime; _builder_version=\u00a0\u00bb4.17.1&Prime; _module_preset=\u00a0\u00bbdefault\u00a0\u00bb custom_padding=\u00a0\u00bb14px|||||\u00a0\u00bb locked=\u00a0\u00bboff\u00a0\u00bb global_colors_info=\u00a0\u00bb{}\u00a0\u00bb][et_pb_column type=\u00a0\u00bb1_2&Prime; _builder_version=\u00a0\u00bb4.17.1&Prime; _module_preset=\u00a0\u00bbdefault\u00a0\u00bb global_colors_info=\u00a0\u00bb{}\u00a0\u00bb][et_pb_text _builder_version=\u00a0\u00bb4.17.1&Prime; _module_preset=\u00a0\u00bbdefault\u00a0\u00bb custom_margin=\u00a0\u00bb||14px|||\u00a0\u00bb global_colors_info=\u00a0\u00bb{}\u00a0\u00bb]<\/p>\n<h3>Le square Roger Robert<\/h3>\n<p>[\/et_pb_text][et_pb_text _builder_version=\u00a0\u00bb4.17.1&Prime; _module_preset=\u00a0\u00bbdefault\u00a0\u00bb global_colors_info=\u00a0\u00bb{}\u00a0\u00bb]<\/p>\n<p>Monsieur ROBERT, alors v\u00e9t\u00e9rinaire \u00e0 Landrecies, organise la R\u00e9sistance locale d\u00e8s mars 1942, s\u2019appuyant sur sa client\u00e8le. Il est le repr\u00e9sentant de l\u2019O.C.M (Organisation Civile et Militaire) li\u00e9e au Colonel REMY et \u00e0 Londres.<br \/>\u00c0 son initiative en tant que maire de Landrecies de 1945 \u00e0 1947 et chef de la R\u00e9sistance en Avesnois, ce monument est \u00e9lev\u00e9 \u00e0 la m\u00e9moire de 38 r\u00e9sistants tomb\u00e9s dans le secteur de Landrecies ou morts en d\u00e9portation, des r\u00e9sistants arr\u00eat\u00e9s, d\u00e9port\u00e9s puis lib\u00e9r\u00e9s des camps de Buchemwald et de Mauthausen.<\/p>\n<p>[\/et_pb_text][et_pb_image src=\u00a0\u00bbhttps:\/\/landrecies.com\/wp-content\/uploads\/2022\/08\/square-roger-robert-eclairci-scaled.jpg\u00a0\u00bb title_text=\u00a0\u00bbsquare roger robert eclairci\u00a0\u00bb _builder_version=\u00a0\u00bb4.17.1&Prime; _module_preset=\u00a0\u00bbdefault\u00a0\u00bb border_radii=\u00a0\u00bbon|10px|10px|10px|10px\u00a0\u00bb global_colors_info=\u00a0\u00bb{}\u00a0\u00bb][\/et_pb_image][\/et_pb_column][et_pb_column type=\u00a0\u00bb1_2&Prime; _builder_version=\u00a0\u00bb4.17.1&Prime; _module_preset=\u00a0\u00bbdefault\u00a0\u00bb global_colors_info=\u00a0\u00bb{}\u00a0\u00bb][et_pb_text _builder_version=\u00a0\u00bb4.17.1&Prime; _module_preset=\u00a0\u00bbdefault\u00a0\u00bb custom_margin=\u00a0\u00bb||13px|||\u00a0\u00bb global_colors_info=\u00a0\u00bb{}\u00a0\u00bb]<\/p>\n<h3>Le square Paul Delva<\/h3>\n<p>[\/et_pb_text][et_pb_text _builder_version=\u00a0\u00bb4.17.1&Prime; _module_preset=\u00a0\u00bbdefault\u00a0\u00bb global_colors_info=\u00a0\u00bb{}\u00a0\u00bb]<\/p>\n<p>Ce monument imposant, \u00e9rig\u00e9 le 14 ao\u00fbt 1921, est form\u00e9 de trois st\u00e8les de pierre bleue au fa\u00eete bris\u00e9es et de grandeurs d\u00e9croissantes sur lesquelles sont inscrits les noms des 84 Landreciens morts au champ d\u2019honneur.<br \/>Devant les st\u00e8les, un poilu en bronze, chargeant l\u2019ennemi \u00e0 la ba\u00efonnette, est l\u2019\u0153uvre de l\u2019artiste originaire de Maubeuge, Bertrand Bout\u00e9e.<\/p>\n<p>[\/et_pb_text][et_pb_image src=\u00a0\u00bbhttps:\/\/landrecies.com\/wp-content\/uploads\/2022\/08\/square_delva.jpg\u00a0\u00bb title_text=\u00a0\u00bbsquare_delva\u00a0\u00bb _builder_version=\u00a0\u00bb4.17.1&Prime; _module_preset=\u00a0\u00bbdefault\u00a0\u00bb min_height=\u00a0\u00bb387.7px\u00a0\u00bb border_radii=\u00a0\u00bbon|10px|10px|10px|10px\u00a0\u00bb global_colors_info=\u00a0\u00bb{}\u00a0\u00bb][\/et_pb_image][\/et_pb_column][\/et_pb_row][et_pb_row _builder_version=\u00a0\u00bb4.22.0&Prime; _module_preset=\u00a0\u00bbdefault\u00a0\u00bb custom_padding=\u00a0\u00bb||0px|||\u00a0\u00bb global_colors_info=\u00a0\u00bb{}\u00a0\u00bb][et_pb_column type=\u00a0\u00bb4_4&Prime; _builder_version=\u00a0\u00bb4.22.0&Prime; _module_preset=\u00a0\u00bbdefault\u00a0\u00bb global_colors_info=\u00a0\u00bb{}\u00a0\u00bb][et_pb_text _builder_version=\u00a0\u00bb4.22.0&Prime; _module_preset=\u00a0\u00bbdefault\u00a0\u00bb global_colors_info=\u00a0\u00bb{}\u00a0\u00bb]<\/p>\n<h1>Nos jumelages<\/h1>\n<p>[\/et_pb_text][\/et_pb_column][\/et_pb_row][et_pb_row column_structure=\u00a0\u00bb1_2,1_2&Prime; _builder_version=\u00a0\u00bb4.22.0&Prime; _module_preset=\u00a0\u00bbdefault\u00a0\u00bb custom_padding=\u00a0\u00bb21px|||||\u00a0\u00bb global_colors_info=\u00a0\u00bb{}\u00a0\u00bb][et_pb_column type=\u00a0\u00bb1_2&Prime; _builder_version=\u00a0\u00bb4.22.0&Prime; _module_preset=\u00a0\u00bbdefault\u00a0\u00bb global_colors_info=\u00a0\u00bb{}\u00a0\u00bb][et_pb_text _builder_version=\u00a0\u00bb4.22.0&Prime; _module_preset=\u00a0\u00bbdefault\u00a0\u00bb global_colors_info=\u00a0\u00bb{}\u00a0\u00bb]<\/p>\n<p><strong>Manage<\/strong> est une commune francophone de Belgique, situ\u00e9e en R\u00e9gion wallonne (Province de Hainaut). Elle couvre 19,69 km\u00b2 pour une population de plus de 22\u00a0000 habitants (22\u00a0468 en 2012). Elle est souvent appel\u00e9e \u00ab\u00a0Cit\u00e9 du Verre\u00a0\u00bb, en r\u00e9f\u00e9rence \u00e0 ses anciennes verreries, dont la derni\u00e8re \u00e9tait encore en activit\u00e9 \u00e0 la fin du XXe si\u00e8cle.<\/p>\n<p>Au d\u00e9but des <strong>ann\u00e9es 60<\/strong>, la <strong>verrerie de Landrecies<\/strong> \u00e9tait encore tr\u00e8s active tout comme celle de la ville belge cr\u00e9ant un point commun remarquable. Mais l\u2019id\u00e9e du jumelage est n\u00e9e en 1961 \u00e0 la suite d\u2019un match de football durant lequel les joueurs de Landrecies, accompagn\u00e9s du Maire Andr\u00e9 Bonnaire, avaient rencontr\u00e9 ceux de Manage.<\/p>\n<p>C\u2019est le <strong>17 juin 1962<\/strong>, lors de <strong>la visite \u00e0 Manage d\u2019une d\u00e9l\u00e9gation landrecienne<\/strong>, que notre ville a officiellement uni son sort \u00e0 celui de la ville belge, par un <strong>serment de jumelage qui donna lieu \u00e0 de belles festivit\u00e9s<\/strong>. A Landrecies c\u2019est lors de la f\u00eate communale, le 29 juillet 1962, que ce jumelage fut c\u00e9l\u00e9br\u00e9, avec la venue de nombreuses personnalit\u00e9s et l\u2019intervention de trois Soci\u00e9t\u00e9s de Gilles manageois\u00a0!<\/p>\n<p>Les liens n\u2019ont jamais cess\u00e9 de se d\u00e9velopper,<strong> des d\u00e9l\u00e9gations landreciennes se rendent r\u00e9guli\u00e8rement dans la ville belge<\/strong>, notamment \u00e0 l\u2019occasion du <strong>carnaval de Manage. <\/strong><strong>Depuis 2010<\/strong>, <strong>Landrecies accueille chaque ann\u00e9e des \u00e9quipes manageoises \u00e0 l\u2019occasion de jeux intervilles<\/strong> tr\u00e8s attendus ! La r\u00e9ussite de ces jeux, appr\u00e9ci\u00e9s tout particuli\u00e8rement par le jeune public, montre \u00e0 quel point l\u2019amiti\u00e9 avec Manage est ancr\u00e9e au c\u0153ur des habitants des deux villes.<\/p>\n<p>[\/et_pb_text][\/et_pb_column][et_pb_column type=\u00a0\u00bb1_2&Prime; _builder_version=\u00a0\u00bb4.22.0&Prime; _module_preset=\u00a0\u00bbdefault\u00a0\u00bb global_colors_info=\u00a0\u00bb{}\u00a0\u00bb][et_pb_text _builder_version=\u00a0\u00bb4.22.0&Prime; _module_preset=\u00a0\u00bbdefault\u00a0\u00bb global_colors_info=\u00a0\u00bb{}\u00a0\u00bb]<\/p>\n<p><strong>Dziemiany<\/strong> est une \u00ab\u00a0<em>gmina<\/em>\u00a0\u00bb (commune) rurale de Pom\u00e9ranie, dans le <strong>nord de la Pologne<\/strong>. Elle se situe \u00e0 environ 70 km au sud-ouest de la <strong>capitale r\u00e9gionale<\/strong> Gda\u0144sk et <strong>regroupe plusieurs villages<\/strong>. Elle couvre une superficie de 124,97 km2 pour une population de 4 065 habitants. Son<strong> si\u00e8ge<\/strong> est le village de <strong>Dziemiany<\/strong>.<\/p>\n<p>C\u2019est en juillet 2011 que d\u00e9marre le processus menant au jumelage entre Landrecies et Dziemiany, lieu natal d\u2019Adam Dobek, \u00e0 l\u2019\u00e9poque pr\u00eatre \u00e0 Landrecies. C\u2019est \u00e0 l\u2019occasion d\u2019un voyage dans le Nord de la Pologne organis\u00e9 par la paroisse que Didier Leblond prend contact avec Leszek Poblocki, pr\u00e9sident du regroupement de Dziemiany.<\/p>\n<p>En octobre 2012 est sign\u00e9e <strong>une charte d\u2019amiti\u00e9<\/strong> entre les deux \u00e9lus, \u00e0 l\u2019occasion de la venue \u00e0 Landrecies des repr\u00e9sentants de Dziemiany. En 2015, une d\u00e9l\u00e9gation landrecienne se rend en Pologne : le jumelage y est alors act\u00e9. <strong>L\u2019acte de jumelage est finalement sign\u00e9 \u00e0 Landrecies le 27 mai 2016<\/strong>, avec pour <strong>volont\u00e9 de le faire vivre en se basant sur la jeunesse, volont\u00e9 qui se concr\u00e9tise alors par la participation de jeunes polonais aux jeux entre villes jumel\u00e9es<\/strong>, auxquels participent depuis plusieurs ann\u00e9es les repr\u00e9sentants de Manage.<\/p>\n<p>[\/et_pb_text][\/et_pb_column][\/et_pb_row][\/et_pb_section]<\/p>\n","protected":false},"excerpt":{"rendered":"<p>Pr\u00e9sentation de la communeLa commune de Landrecies, implant\u00e9e au c\u0153ur de l\u2019Avesnois \u00e0 \u00e9gale distance entre Maubeuge et Valenciennes, se situe dans un rayon de 15 kms environ au centre d\u2019un triangle form\u00e9 par Avesnes sur Helpe, Le Cateau et Le Quesnoy. Landrecies fait partie de la Communaut\u00e9 de Communes du Pays de Mormal qui [&hellip;]<\/p>\n","protected":false},"author":14,"featured_media":0,"parent":0,"menu_order":0,"comment_status":"closed","ping_status":"closed","template":"page-template-fullwidth.php","meta":{"_et_pb_use_builder":"on","_et_pb_old_content":"","_et_gb_content_width":"","_eb_attr":"","footnotes":""},"class_list":["post-61","page","type-page","status-publish","hentry"],"_links":{"self":[{"href":"https:\/\/landrecies.com\/index.php\/wp-json\/wp\/v2\/pages\/61","targetHints":{"allow":["GET"]}}],"collection":[{"href":"https:\/\/landrecies.com\/index.php\/wp-json\/wp\/v2\/pages"}],"about":[{"href":"https:\/\/landrecies.com\/index.php\/wp-json\/wp\/v2\/types\/page"}],"author":[{"embeddable":true,"href":"https:\/\/landrecies.com\/index.php\/wp-json\/wp\/v2\/users\/14"}],"replies":[{"embeddable":true,"href":"https:\/\/landrecies.com\/index.php\/wp-json\/wp\/v2\/comments?post=61"}],"version-history":[{"count":32,"href":"https:\/\/landrecies.com\/index.php\/wp-json\/wp\/v2\/pages\/61\/revisions"}],"predecessor-version":[{"id":8416,"href":"https:\/\/landrecies.com\/index.php\/wp-json\/wp\/v2\/pages\/61\/revisions\/8416"}],"wp:attachment":[{"href":"https:\/\/landrecies.com\/index.php\/wp-json\/wp\/v2\/media?parent=61"}],"curies":[{"name":"wp","href":"https:\/\/api.w.org\/{rel}","templated":true}]}}